{"id":26676,"date":"2026-05-01T10:00:41","date_gmt":"2026-05-01T08:00:41","guid":{"rendered":"https:\/\/creativasgalegas.gal\/evento\/taller-elaboracion-de-jabon-natural\/"},"modified":"2026-05-01T10:00:41","modified_gmt":"2026-05-01T08:00:41","slug":"taller-elaboracion-de-jabon-natural","status":"publish","type":"tribe_events","link":"https:\/\/creativasgalegas.gal\/es\/evento\/taller-elaboracion-de-jabon-natural\/","title":{"rendered":"Taller \u2013 Elaboraci\u00f3n de jab\u00f3n natural"},"content":{"rendered":"<p><span style=\"font-weight: 400;\">En este taller Anika nos explicar\u00e1 el proceso de elaboraci\u00f3n de jab\u00f3n natural s\u00f3lido con el m\u00e9todo en fr\u00edo, una t\u00e9cnica tradicional que respeta las propiedades de los ingredientes y permite crear piezas \u00fanicas, hechas con calma e intenci\u00f3n.<\/span><\/p>\n<p><span style=\"font-weight: 400;\">Adem\u00e1s de la parte pr\u00e1ctica, tambi\u00e9n habr\u00e1 un espacio para entender el \u201cporqu\u00e9\u201d de cada mezcla: aprender\u00e1s a formular para que puedas crear tus propias recetas en casa y seguir experimentando con tus manos.<\/span><\/p>\n<p><span style=\"font-weight: 400;\">\ud83c\udf3f Durante el taller:<\/span><\/p>\n<ul>\n<li><span style=\"font-weight: 400;\">  Introducci\u00f3n al jab\u00f3n natural y al m\u00e9todo en fr\u00edo.<\/span><\/li>\n<li><span style=\"font-weight: 400;\">  Conocimiento de los ingredientes y sus propiedades.<\/span><\/li>\n<li><span style=\"font-weight: 400;\">  Parte te\u00f3rica para aprender a formular tus propias recetas.<\/span><\/li>\n<li><span style=\"font-weight: 400;\">  Preparaci\u00f3n y mezcla de los materiales.<\/span><\/li>\n<li><span style=\"font-weight: 400;\">  Elaboraci\u00f3n de tu propio jab\u00f3n natural s\u00f3lido.<\/span><\/li>\n<li><span style=\"font-weight: 400;\">  Te llevar\u00e1s la pieza elaborada en el taller.<\/span><\/li>\n<\/ul>\n<p><span style=\"font-weight: 400;\">\ud835\udc00\ud835\udc1c\ud835\udc2d\ud835\udc22\ud835\udc2f\ud835\udc22\ud835\udc1d\ud835\udc1a\ud835\udc1d: \ud835\udc13\ud835\udc1a\ud835\udc25\ud835\udc25\ud835\udc1e\ud835\udc2b \ud835\udc1d\ud835\udc1e \ud835\udc1e\ud835\udc25\ud835\udc1a\ud835\udc1b\ud835\udc28\ud835\udc2b\ud835\udc1a\ud835\udc1c\ud835\udc22\ud835\udc28\u0301\ud835\udc27 \ud835\udc1d\ud835\udc1e \ud835\udc23\ud835\udc1a\ud835\udc1b\ud835\udc28\u0301\ud835\udc27 \ud835\udc27\ud835\udc1a\ud835\udc2d\ud835\udc2e\ud835\udc2b\ud835\udc1a\ud835\udc25<\/span><\/p>\n<p><span style=\"font-weight: 400;\">Marca: Feitizo Soaps (@feitizosoaps)<\/span><\/p>\n<p><span style=\"font-weight: 400;\">Lugar: Mercado Gallego de la Creatividad<\/span><\/p>\n<p><span style=\"font-weight: 400;\">Fecha: 31\/05\/2026<\/span><\/p>\n<p><span style=\"font-weight: 400;\">Horario: 10:00 \u2013 14:00 h<\/span><\/p>\n<p><span style=\"font-weight: 400;\">Precio: 60 \u20ac<\/span><\/p>\n<p><span style=\"font-weight: 400;\">Incluye todo el material necesario para que solo te preocupes de disfrutar del proceso, aprender y crear con tus propias manos \u2728<\/span><\/p>\n<p><span style=\"font-weight: 400;\">Un taller perfecto para quien quiere iniciarse en el mundo de la cosm\u00e9tica natural de un modo consciente y artesanal \ud83c\udf31<\/span><\/p>\n<p><span style=\"font-weight: 400;\">\ud83d\udd36Texto y cartel: @amoroteuestampaxeartesanal<\/span><\/p>\n<p><span style=\"font-weight: 400;\">#creativasgalegas #mercadogalegodacreatividade #jab\u00f3nnatural #cosm\u00e9ticanatural #hechoamano #artesan\u00eda #taller #galicia #comerciolocal #econom\u00edasocial #creatividad #dise\u00f1ogallego #feitizosoaps #regalosconalma  <\/span><\/p>\n","protected":false},"excerpt":{"rendered":"<p>En este taller Anika nos explicar\u00e1 el proceso de elaboraci\u00f3n de jab\u00f3n natural s\u00f3lido con el m\u00e9todo en fr\u00edo, una t\u00e9cnica tradicional que respeta las propiedades de los ingredientes y permite crear piezas \u00fanicas, hechas con calma e intenci\u00f3n. Adem\u00e1s de la parte pr\u00e1ctica, tambi\u00e9n habr\u00e1 un espacio para entender el \u201cporqu\u00e9\u201d de cada mezcla: &#8230; <a title=\"Taller \u2013 Elaboraci\u00f3n de jab\u00f3n natural\" class=\"read-more\" href=\"https:\/\/creativasgalegas.gal\/es\/evento\/taller-elaboracion-de-jabon-natural\/\" aria-label=\"Leer m\u00e1s sobre Taller \u2013 Elaboraci\u00f3n de jab\u00f3n natural\">Leer m\u00e1s<\/a><\/p>\n","protected":false},"author":19,"featured_media":26670,"comment_status":"open","ping_status":"closed","template":"","meta":{"inline_featured_image":false,"_tribe_events_status":"","_tribe_events_status_reason":"","footnotes":""},"tags":[],"tribe_events_cat":[807],"class_list":["post-26676","tribe_events","type-tribe_events","status-publish","has-post-thumbnail","hentry","tribe_events_cat-talleres","cat_talleres"],"acf":[],"yoast_head":"<!-- This site is optimized with the Yoast SEO plugin v22.1 - https:\/\/yoast.com\/wordpress\/plugins\/seo\/ -->\n<title>Taller - Elaboraci\u00f3n de jab\u00f3n natural - Creativas Galegas<\/title>\n<meta name=\"robots\" content=\"index, follow, max-snippet:-1, max-image-preview:large, max-video-preview:-1\" \/>\n<link rel=\"canonical\" href=\"https:\/\/creativasgalegas.gal\/es\/evento\/taller-elaboracion-de-jabon-natural\/\" \/>\n<meta property=\"og:locale\" content=\"es_ES\" \/>\n<meta property=\"og:type\" content=\"article\" \/>\n<meta property=\"og:title\" content=\"Taller - Elaboraci\u00f3n de jab\u00f3n natural - Creativas Galegas\" \/>\n<meta property=\"og:description\" content=\"En este taller Anika nos explicar\u00e1 el proceso de elaboraci\u00f3n de jab\u00f3n natural s\u00f3lido con el m\u00e9todo en fr\u00edo, una t\u00e9cnica tradicional que respeta las propiedades de los ingredientes y permite crear piezas \u00fanicas, hechas con calma e intenci\u00f3n. Adem\u00e1s de la parte pr\u00e1ctica, tambi\u00e9n habr\u00e1 un espacio para entender el \u201cporqu\u00e9\u201d de cada mezcla: ... Leer m\u00e1s\" \/>\n<meta property=\"og:url\" content=\"https:\/\/creativasgalegas.gal\/es\/evento\/taller-elaboracion-de-jabon-natural\/\" \/>\n<meta property=\"og:site_name\" content=\"Creativas Galegas\" \/>\n<meta property=\"og:image\" content=\"https:\/\/creativasgalegas.gal\/wp-content\/uploads\/2026\/04\/imagen_feitizo_obradoiro_xabons.png\" \/>\n\t<meta property=\"og:image:width\" content=\"480\" \/>\n\t<meta property=\"og:image:height\" content=\"600\" \/>\n\t<meta property=\"og:image:type\" content=\"image\/png\" \/>\n<meta name=\"twitter:card\" content=\"summary_large_image\" \/>\n<meta name=\"twitter:label1\" content=\"Tiempo de lectura\" \/>\n\t<meta name=\"twitter:data1\" content=\"1 minuto\" \/>\n<script type=\"application\/ld+json\" class=\"yoast-schema-graph\">{\"@context\":\"https:\/\/schema.org\",\"@graph\":[{\"@type\":\"WebPage\",\"@id\":\"https:\/\/creativasgalegas.gal\/es\/evento\/taller-elaboracion-de-jabon-natural\/\",\"url\":\"https:\/\/creativasgalegas.gal\/es\/evento\/taller-elaboracion-de-jabon-natural\/\",\"name\":\"Taller - Elaboraci\u00f3n de jab\u00f3n natural - Creativas Galegas\",\"isPartOf\":{\"@id\":\"https:\/\/creativasgalegas.gal\/es\/#website\"},\"datePublished\":\"2026-05-01T08:00:41+00:00\",\"dateModified\":\"2026-05-01T08:00:41+00:00\",\"breadcrumb\":{\"@id\":\"https:\/\/creativasgalegas.gal\/es\/evento\/taller-elaboracion-de-jabon-natural\/#breadcrumb\"},\"inLanguage\":\"es\",\"potentialAction\":[{\"@type\":\"ReadAction\",\"target\":[\"https:\/\/creativasgalegas.gal\/es\/evento\/taller-elaboracion-de-jabon-natural\/\"]}]},{\"@type\":\"BreadcrumbList\",\"@id\":\"https:\/\/creativasgalegas.gal\/es\/evento\/taller-elaboracion-de-jabon-natural\/#breadcrumb\",\"itemListElement\":[{\"@type\":\"ListItem\",\"position\":1,\"name\":\"Portada\",\"item\":\"https:\/\/creativasgalegas.gal\/es\/\"},{\"@type\":\"ListItem\",\"position\":2,\"name\":\"Eventos\",\"item\":\"https:\/\/creativasgalegas.gal\/es\/agenda\/\"},{\"@type\":\"ListItem\",\"position\":3,\"name\":\"Taller \u2013 Elaboraci\u00f3n de jab\u00f3n natural\"}]},{\"@type\":\"WebSite\",\"@id\":\"https:\/\/creativasgalegas.gal\/es\/#website\",\"url\":\"https:\/\/creativasgalegas.gal\/es\/\",\"name\":\"Creativas Galegas\",\"description\":\"Asociaci\u00f3n de creativas e artes\u00e1ns | Mercado da creatividade\",\"publisher\":{\"@id\":\"https:\/\/creativasgalegas.gal\/es\/#organization\"},\"potentialAction\":[{\"@type\":\"SearchAction\",\"target\":{\"@type\":\"EntryPoint\",\"urlTemplate\":\"https:\/\/creativasgalegas.gal\/es\/?s={search_term_string}\"},\"query-input\":\"required name=search_term_string\"}],\"inLanguage\":\"es\"},{\"@type\":\"Organization\",\"@id\":\"https:\/\/creativasgalegas.gal\/es\/#organization\",\"name\":\"Creativas Galegas\",\"url\":\"https:\/\/creativasgalegas.gal\/es\/\",\"logo\":{\"@type\":\"ImageObject\",\"inLanguage\":\"es\",\"@id\":\"https:\/\/creativasgalegas.gal\/es\/#\/schema\/logo\/image\/\",\"url\":\"https:\/\/creativasgalegas.gal\/wp-content\/uploads\/2023\/12\/Creativas_Galegas_Logotipo_hor_esl_Positivo.svg\",\"contentUrl\":\"https:\/\/creativasgalegas.gal\/wp-content\/uploads\/2023\/12\/Creativas_Galegas_Logotipo_hor_esl_Positivo.svg\",\"caption\":\"Creativas Galegas\"},\"image\":{\"@id\":\"https:\/\/creativasgalegas.gal\/es\/#\/schema\/logo\/image\/\"}}]}<\/script>\n<!-- \/ Yoast SEO plugin. -->","yoast_head_json":{"title":"Taller - Elaboraci\u00f3n de jab\u00f3n natural - Creativas Galegas","robots":{"index":"index","follow":"follow","max-snippet":"max-snippet:-1","max-image-preview":"max-image-preview:large","max-video-preview":"max-video-preview:-1"},"canonical":"https:\/\/creativasgalegas.gal\/es\/evento\/taller-elaboracion-de-jabon-natural\/","og_locale":"es_ES","og_type":"article","og_title":"Taller - Elaboraci\u00f3n de jab\u00f3n natural - Creativas Galegas","og_description":"En este taller Anika nos explicar\u00e1 el proceso de elaboraci\u00f3n de jab\u00f3n natural s\u00f3lido con el m\u00e9todo en fr\u00edo, una t\u00e9cnica tradicional que respeta las propiedades de los ingredientes y permite crear piezas \u00fanicas, hechas con calma e intenci\u00f3n. Adem\u00e1s de la parte pr\u00e1ctica, tambi\u00e9n habr\u00e1 un espacio para entender el \u201cporqu\u00e9\u201d de cada mezcla: ... Leer m\u00e1s","og_url":"https:\/\/creativasgalegas.gal\/es\/evento\/taller-elaboracion-de-jabon-natural\/","og_site_name":"Creativas Galegas","og_image":[{"width":480,"height":600,"url":"https:\/\/creativasgalegas.gal\/wp-content\/uploads\/2026\/04\/imagen_feitizo_obradoiro_xabons.png","type":"image\/png"}],"twitter_card":"summary_large_image","twitter_misc":{"Tiempo de lectura":"1 minuto"},"schema":{"@context":"https:\/\/schema.org","@graph":[{"@type":"WebPage","@id":"https:\/\/creativasgalegas.gal\/es\/evento\/taller-elaboracion-de-jabon-natural\/","url":"https:\/\/creativasgalegas.gal\/es\/evento\/taller-elaboracion-de-jabon-natural\/","name":"Taller - Elaboraci\u00f3n de jab\u00f3n natural - Creativas Galegas","isPartOf":{"@id":"https:\/\/creativasgalegas.gal\/es\/#website"},"datePublished":"2026-05-01T08:00:41+00:00","dateModified":"2026-05-01T08:00:41+00:00","breadcrumb":{"@id":"https:\/\/creativasgalegas.gal\/es\/evento\/taller-elaboracion-de-jabon-natural\/#breadcrumb"},"inLanguage":"es","potentialAction":[{"@type":"ReadAction","target":["https:\/\/creativasgalegas.gal\/es\/evento\/taller-elaboracion-de-jabon-natural\/"]}]},{"@type":"BreadcrumbList","@id":"https:\/\/creativasgalegas.gal\/es\/evento\/taller-elaboracion-de-jabon-natural\/#breadcrumb","itemListElement":[{"@type":"ListItem","position":1,"name":"Portada","item":"https:\/\/creativasgalegas.gal\/es\/"},{"@type":"ListItem","position":2,"name":"Eventos","item":"https:\/\/creativasgalegas.gal\/es\/agenda\/"},{"@type":"ListItem","position":3,"name":"Taller \u2013 Elaboraci\u00f3n de jab\u00f3n natural"}]},{"@type":"WebSite","@id":"https:\/\/creativasgalegas.gal\/es\/#website","url":"https:\/\/creativasgalegas.gal\/es\/","name":"Creativas Galegas","description":"Asociaci\u00f3n de creativas e artes\u00e1ns | Mercado da creatividade","publisher":{"@id":"https:\/\/creativasgalegas.gal\/es\/#organization"},"potentialAction":[{"@type":"SearchAction","target":{"@type":"EntryPoint","urlTemplate":"https:\/\/creativasgalegas.gal\/es\/?s={search_term_string}"},"query-input":"required name=search_term_string"}],"inLanguage":"es"},{"@type":"Organization","@id":"https:\/\/creativasgalegas.gal\/es\/#organization","name":"Creativas Galegas","url":"https:\/\/creativasgalegas.gal\/es\/","logo":{"@type":"ImageObject","inLanguage":"es","@id":"https:\/\/creativasgalegas.gal\/es\/#\/schema\/logo\/image\/","url":"https:\/\/creativasgalegas.gal\/wp-content\/uploads\/2023\/12\/Creativas_Galegas_Logotipo_hor_esl_Positivo.svg","contentUrl":"https:\/\/creativasgalegas.gal\/wp-content\/uploads\/2023\/12\/Creativas_Galegas_Logotipo_hor_esl_Positivo.svg","caption":"Creativas Galegas"},"image":{"@id":"https:\/\/creativasgalegas.gal\/es\/#\/schema\/logo\/image\/"}}]}},"_links":{"self":[{"href":"https:\/\/creativasgalegas.gal\/es\/wp-json\/wp\/v2\/tribe_events\/26676","targetHints":{"allow":["GET"]}}],"collection":[{"href":"https:\/\/creativasgalegas.gal\/es\/wp-json\/wp\/v2\/tribe_events"}],"about":[{"href":"https:\/\/creativasgalegas.gal\/es\/wp-json\/wp\/v2\/types\/tribe_events"}],"author":[{"embeddable":true,"href":"https:\/\/creativasgalegas.gal\/es\/wp-json\/wp\/v2\/users\/19"}],"replies":[{"embeddable":true,"href":"https:\/\/creativasgalegas.gal\/es\/wp-json\/wp\/v2\/comments?post=26676"}],"version-history":[{"count":0,"href":"https:\/\/creativasgalegas.gal\/es\/wp-json\/wp\/v2\/tribe_events\/26676\/revisions"}],"wp:featuredmedia":[{"embeddable":true,"href":"https:\/\/creativasgalegas.gal\/es\/wp-json\/wp\/v2\/media\/26670"}],"wp:attachment":[{"href":"https:\/\/creativasgalegas.gal\/es\/wp-json\/wp\/v2\/media?parent=26676"}],"wp:term":[{"taxonomy":"post_tag","embeddable":true,"href":"https:\/\/creativasgalegas.gal\/es\/wp-json\/wp\/v2\/tags?post=26676"},{"taxonomy":"tribe_events_cat","embeddable":true,"href":"https:\/\/creativasgalegas.gal\/es\/wp-json\/wp\/v2\/tribe_events_cat?post=26676"}],"curies":[{"name":"wp","href":"https:\/\/api.w.org\/{rel}","templated":true}]}}