{"id":22539,"date":"2023-12-11T13:11:27","date_gmt":"2023-12-11T12:11:27","guid":{"rendered":"https:\/\/creativasgalegas.gal\/nuestra-filosofia\/"},"modified":"2025-10-07T12:19:31","modified_gmt":"2025-10-07T10:19:31","slug":"nuestra-filosofia","status":"publish","type":"page","link":"https:\/\/creativasgalegas.gal\/es\/nuestra-filosofia\/","title":{"rendered":"Nuestra filosof\u00eda"},"content":{"rendered":"<div class=\"gb-container gb-container-f68c8d6f\">\n<div class=\"gb-container gb-container-097d555a\">\n<div class=\"gb-container gb-container-00196229\">\n<div class=\"gb-grid-wrapper gb-grid-wrapper-a83ea675\">\n<div class=\"gb-grid-column gb-grid-column-9264c116\"><div class=\"gb-container gb-container-9264c116\">\n\n<p class=\"gb-headline gb-headline-ec95b616 gb-headline-text\">Somos<\/p>\n\n\n\n<figure class=\"gb-block-image gb-block-image-110383e8\"><img decoding=\"async\" class=\"gb-image gb-image-110383e8\" src=\"https:\/\/creativasgalegas.gal\/wp-content\/uploads\/2023\/12\/Creativas_Galegas_Logotipo_hor_Negativo.svg\" alt=\"\" title=\"Creativas_Galegas_Logotipo_hor_Negativo\"><\/figure>\n\n<\/div><\/div>\n<\/div>\n<\/div>\n<\/div>\n<div class=\"gb-shapes\"><div class=\"gb-shape gb-shape-1\"><svg xmlns=\"http:\/\/www.w3.org\/2000\/svg\" viewBox=\"0 0 1200 194.3\" preserveAspectRatio=\"none\"><path d=\"M1200 133.3l-50 8.9c-50 8.6-150 26.9-250 31.1-100 4.2-200-4.2-300-26.7S400 89.2 300 62.2C200 35.8 100 17.5 50 8.9L0 0v194.3h1200v-61z\"\/><\/svg><\/div><\/div><\/div><div class=\"gb-container gb-container-3f7e9884\">\n<div class=\"gb-container gb-container-705c5cd7\">\n<div class=\"gb-grid-wrapper gb-grid-wrapper-c43e5ddd\">\n<div class=\"gb-grid-column gb-grid-column-18d84f07\"><div class=\"gb-container gb-container-18d84f07\">\n\n<figure class=\"wp-block-embed is-type-video is-provider-youtube wp-block-embed-youtube wp-embed-aspect-16-9 wp-has-aspect-ratio\"><div class=\"wp-block-embed__wrapper\">\n<iframe loading=\"lazy\" title=\"Mercado Galego da Creatividade\" width=\"1200\" height=\"675\" src=\"https:\/\/www.youtube.com\/embed\/92SXJnY_z2o?feature=oembed\" frameborder=\"0\" allow=\"accelerometer; autoplay; clipboard-write; encrypted-media; gyroscope; picture-in-picture; web-share\" referrerpolicy=\"strict-origin-when-cross-origin\" allowfullscreen><\/iframe>\n<\/div><\/figure>\n\n<\/div><\/div>\n\n<div class=\"gb-grid-column gb-grid-column-841208f4\"><div class=\"gb-container gb-container-841208f4\">\n\n<h2 class=\"gb-headline gb-headline-a3c884fd gb-headline-text\">LA FINALIDAD<\/h2>\n\n\n\n<p class=\"gb-headline gb-headline-1d375a50 gb-headline-text\">Nos unimos bajo el amparo de una \u00fanica marca, en una \u00fanica entidad empresarial, con el fin de conseguir logros comunes como:<\/p>\n\n\n\n<ul class=\"wp-block-list\">\n<li><strong>Poder de negociaci\u00f3n<\/strong> gracias a una negociaci\u00f3n colectiva.<\/li>\n\n\n\n<li><strong>M\u00e1s visibilidad<\/strong> y tr\u00e1fico de clientes objetivos a nuestros espacios de venta por la suma de fuerzas y recursos de todas las personas del colectivo.<\/li>\n\n\n\n<li><strong>Competir en el mercado con nuestro producto artesanal<\/strong> frente al producto importado.<\/li>\n<\/ul>\n\n\n<div class=\"gb-container gb-container-3bbb4d90\">\n\n<a class=\"gb-button gb-button-a588f77f\" href=\"https:\/\/creativasgalegas.gal\/es\/blog\/\"><span class=\"gb-button-text\">NOTICIAS<\/span><span class=\"gb-icon\"><svg xmlns=\"http:\/\/www.w3.org\/2000\/svg\" aria-hidden=\"true\" height=\"1em\" width=\"1em\" viewbox=\"0 0 256 512\"><path fill=\"currentColor\" d=\"M224.3 273l-136 136c-9.4 9.4-24.6 9.4-33.9 0l-22.6-22.6c-9.4-9.4-9.4-24.6 0-33.9l96.4-96.4-96.4-96.4c-9.4-9.4-9.4-24.6 0-33.9L54.3 103c9.4-9.4 24.6-9.4 33.9 0l136 136c9.5 9.4 9.5 24.6.1 34z\"><\/path><\/svg><\/span><\/a>\n\n<\/div>\n<\/div><\/div>\n<\/div>\n<\/div>\n<\/div><div class=\"gb-container gb-container-c2216fdc\">\n<div class=\"gb-container gb-container-0f638087\">\n<div class=\"gb-grid-wrapper gb-grid-wrapper-b75267c0\">\n<div class=\"gb-grid-column gb-grid-column-cb1e2417\"><div class=\"gb-container gb-container-cb1e2417\">\n\n<h2 class=\"gb-headline gb-headline-833b9def gb-headline-text\">LA MARCA<\/h2>\n\n\n\n<p>Creativas Galegas es la marca paraguas que re\u00fane, acoge, impulsa y da visibilidad a <strong>profesionales del \u00e1mbito cultural gallego:<\/strong> creativos, artesanos, artistas esc\u00e9nicos y selectos productores, que <strong>creamos y dise\u00f1amos en Galicia productos y servicios de calidad.<\/strong><\/p>\n\n\n<div class=\"gb-container gb-container-3a684ef4\">\n\n<a class=\"gb-button gb-button-1394f36f\" href=\"#\"><span class=\"gb-button-text\">DIRECTORIO DE MARCAS<\/span><span class=\"gb-icon\"><svg xmlns=\"http:\/\/www.w3.org\/2000\/svg\" aria-hidden=\"true\" height=\"1em\" width=\"1em\" viewbox=\"0 0 256 512\"><path fill=\"currentColor\" d=\"M224.3 273l-136 136c-9.4 9.4-24.6 9.4-33.9 0l-22.6-22.6c-9.4-9.4-9.4-24.6 0-33.9l96.4-96.4-96.4-96.4c-9.4-9.4-9.4-24.6 0-33.9L54.3 103c9.4-9.4 24.6-9.4 33.9 0l136 136c9.5 9.4 9.5 24.6.1 34z\"><\/path><\/svg><\/span><\/a>\n\n<\/div>\n<\/div><\/div>\n\n<div class=\"gb-grid-column gb-grid-column-d7179ed8\"><div class=\"gb-container gb-container-d7179ed8\">\n\n<figure class=\"gb-block-image gb-block-image-935de163\"><img loading=\"lazy\" decoding=\"async\" width=\"900\" height=\"600\" class=\"gb-image gb-image-935de163\" src=\"https:\/\/creativasgalegas.gal\/wp-content\/uploads\/2023\/12\/white-craftsman-using-tool-while-working-with-leat-2023-11-27-05-22-53-utc2.avif\" alt=\"\" title=\"white-craftsman-using-tool-while-working-with-leat-2023-11-27-05-22-53-utc2\"><\/figure>\n\n<\/div><\/div>\n<\/div>\n<\/div>\n<\/div><div class=\"gb-container gb-container-699bd988\">\n<div class=\"gb-container gb-container-a63850f2\">\n<div class=\"gb-grid-wrapper gb-grid-wrapper-e881292d\">\n<div class=\"gb-grid-column gb-grid-column-f5c25039\"><div class=\"gb-container gb-container-f5c25039\">\n\n<figure class=\"wp-block-embed is-type-video is-provider-youtube wp-block-embed-youtube wp-embed-aspect-16-9 wp-has-aspect-ratio\"><div class=\"wp-block-embed__wrapper\">\n<iframe loading=\"lazy\" title=\"Creando en Galicia para o mundo\" width=\"1200\" height=\"675\" src=\"https:\/\/www.youtube.com\/embed\/j6B-HNLkdXk?feature=oembed\" frameborder=\"0\" allow=\"accelerometer; autoplay; clipboard-write; encrypted-media; gyroscope; picture-in-picture; web-share\" referrerpolicy=\"strict-origin-when-cross-origin\" allowfullscreen><\/iframe>\n<\/div><\/figure>\n\n<\/div><\/div>\n\n<div class=\"gb-grid-column gb-grid-column-ea6ffafe\"><div class=\"gb-container gb-container-ea6ffafe\">\n\n<h2 class=\"gb-headline gb-headline-0154a2b4 gb-headline-text\">somos econom\u00eda social<\/h2>\n\n\n\n<p class=\"gb-headline gb-headline-1561f86b gb-headline-text\">Somos una entidad de <strong>econom\u00eda social<\/strong>, una Sociedad Cooperativa Gallega sin \u00e1nimo de lucro.<\/p>\n\n\n\n<p class=\"gb-headline gb-headline-99276604 gb-headline-text\">Nos gusta trabajar de manera horizontal y de forma solidaria.<br><strong>Nuestros valores son<\/strong> de ayuda y mejora mutua, responsabilidad y corresponsabilidad, igualdad, equidad, solidaridad, honestidad, transparencia, autonom\u00eda, autogesti\u00f3n, responsabilidad y preocupaci\u00f3n por las personas.<\/p>\n\n\n<div class=\"gb-container gb-container-84cb23d0\">\n\n<a class=\"gb-button gb-button-223161ac\" href=\"\/axenda\/\"><span class=\"gb-button-text\">AGENDA DE ACTIVIDADES<\/span><span class=\"gb-icon\"><svg xmlns=\"http:\/\/www.w3.org\/2000\/svg\" aria-hidden=\"true\" height=\"1em\" width=\"1em\" viewbox=\"0 0 256 512\"><path fill=\"currentColor\" d=\"M224.3 273l-136 136c-9.4 9.4-24.6 9.4-33.9 0l-22.6-22.6c-9.4-9.4-9.4-24.6 0-33.9l96.4-96.4-96.4-96.4c-9.4-9.4-9.4-24.6 0-33.9L54.3 103c9.4-9.4 24.6-9.4 33.9 0l136 136c9.5 9.4 9.5 24.6.1 34z\"><\/path><\/svg><\/span><\/a>\n\n<\/div>\n<\/div><\/div>\n<\/div>\n<\/div>\n<\/div><div class=\"gb-container gb-container-9c323e47\">\n<div class=\"gb-container gb-container-3992030b\">\n\n<h2 class=\"gb-headline gb-headline-0e05043a gb-headline-text\">Las razones<\/h2>\n\n\n\n<h2 class=\"gb-headline gb-headline-8779dfe4\"><span class=\"gb-icon\"><svg xmlns=\"http:\/\/www.w3.org\/2000\/svg\" viewbox=\"0 0 36.7 3\"><path d=\"M0 0h36.7v3H0z\"><\/path><\/svg><\/span><\/h2>\n\n\n<div class=\"gb-grid-wrapper gb-grid-wrapper-55eb66ba\">\n<div class=\"gb-grid-column gb-grid-column-d827892f\"><div class=\"gb-container gb-container-d827892f\">\n\n<h3 class=\"gb-headline gb-headline-c5e0aa13\"><span class=\"gb-icon\"><svg xmlns=\"http:\/\/www.w3.org\/2000\/svg\" width=\"24\" viewbox=\"0 -960 960 960\" height=\"24\"><path d=\"M519-82v-80q42-6 81.5-23t74.5-43l58 58q-47 37-101 59.5T519-82Zm270-146-56-56q26-33 42-72.5t22-83.5h82q-8 62-30.5 115.5T789-228Zm8-292q-6-45-22-84.5T733-676l56-56q38 44 61.5 98T879-520h-82ZM439-82q-153-18-255.5-131T81-480q0-155 102.5-268T439-878v80q-120 17-199 107t-79 211q0 121 79 210.5T439-162v80Zm238-650q-36-27-76-44t-82-22v-80q59 5 113 27.5T733-790l-56 58ZM480-280q-58-49-109-105t-51-131q0-68 46.5-116T480-680q67 0 113.5 48T640-516q0 75-51 131T480-280Zm0-200q18 0 30.5-12.5T523-523q0-17-12.5-30T480-566q-18 0-30.5 13T437-523q0 18 12.5 30.5T480-480Z\"><\/path><\/svg><\/span><span class=\"gb-headline-text\">Tener un lugar \u00fanico y especializado<\/span><\/h3>\n\n<\/div><\/div>\n\n<div class=\"gb-grid-column gb-grid-column-69e72471\"><div class=\"gb-container gb-container-69e72471\">\n\n<p class=\"gb-headline gb-headline-a1904f02 gb-headline-text\"><strong>Tener un lugar \u00fanico y especializado<\/strong> donde nuestra clientela pueda, de manera muy sencilla, encontrar muchas marcas y personas creativas gallegas.<\/p>\n\n<\/div><\/div>\n\n<div class=\"gb-grid-column gb-grid-column-4348e41f\"><div class=\"gb-container gb-container-4348e41f\">\n\n<h3 class=\"gb-headline gb-headline-bd905a12\"><span class=\"gb-icon\"><svg xmlns=\"http:\/\/www.w3.org\/2000\/svg\" width=\"24\" viewbox=\"0 -960 960 960\" height=\"24\"><path d=\"m480-120-58-52q-101-91-167-157T150-447.5Q111-500 95.5-544T80-634q0-94 63-157t157-63q52 0 99 22t81 62q34-40 81-62t99-22q94 0 157 63t63 157q0 46-15.5 90T810-447.5Q771-395 705-329T538-172l-58 52Zm0-108q96-86 158-147.5t98-107q36-45.5 50-81t14-70.5q0-60-40-100t-100-40q-47 0-87 26.5T518-680h-76q-15-41-55-67.5T300-774q-60 0-100 40t-40 100q0 35 14 70.5t50 81q36 45.5 98 107T480-228Zm0-273Z\"><\/path><\/svg><\/span><span class=\"gb-headline-text\">Conocernos<\/span><\/h3>\n\n<\/div><\/div>\n\n<div class=\"gb-grid-column gb-grid-column-76152e9a\"><div class=\"gb-container gb-container-76152e9a\">\n\n<p class=\"gb-headline gb-headline-bdd004d3 gb-headline-text\">Un espacio que facilite el <strong>contacto entre personas creativas para poder colaborar<\/strong>, compartir conocimientos y crear sinergias.<\/p>\n\n<\/div><\/div>\n\n<div class=\"gb-grid-column gb-grid-column-c025cceb\"><div class=\"gb-container gb-container-c025cceb\">\n\n<h3 class=\"gb-headline gb-headline-54d3b7b4\"><span class=\"gb-icon\"><svg xmlns=\"http:\/\/www.w3.org\/2000\/svg\" width=\"24\" viewbox=\"0 -960 960 960\" height=\"24\"><path d=\"M480-400q-50 0-85-35t-35-85v-240q0-50 35-85t85-35q50 0 85 35t35 85v240q0 50-35 85t-85 35Zm0-240Zm-40 520v-123q-104-14-172-93t-68-184h80q0 83 58.5 141.5T480-320q83 0 141.5-58.5T680-520h80q0 105-68 184t-172 93v123h-80Zm40-360q17 0 28.5-11.5T520-520v-240q0-17-11.5-28.5T480-800q-17 0-28.5 11.5T440-760v240q0 17 11.5 28.5T480-480Z\"><\/path><\/svg><\/span><span class=\"gb-headline-text\">Divulgaci\u00f3n<\/span><\/h3>\n\n<\/div><\/div>\n\n<div class=\"gb-grid-column gb-grid-column-a9c2da7f\"><div class=\"gb-container gb-container-a9c2da7f\">\n\n<p class=\"gb-headline gb-headline-dd6bbd15 gb-headline-text\"><strong>Un lugar donde mostrar nuestro trabajo en directo<\/strong> para divulgar los procesos creativos artesanales.<\/p>\n\n<\/div><\/div>\n\n<div class=\"gb-grid-column gb-grid-column-b62998eb\"><div class=\"gb-container gb-container-b62998eb\">\n\n<h3 class=\"gb-headline gb-headline-82cc14e8\"><span class=\"gb-icon\"><svg xmlns=\"http:\/\/www.w3.org\/2000\/svg\" width=\"24\" viewbox=\"0 -960 960 960\" height=\"24\"><path d=\"M40-160v-160q0-34 23.5-57t56.5-23h131q20 0 38 10t29 27q29 39 71.5 61t90.5 22q49 0 91.5-22t70.5-61q13-17 30.5-27t36.5-10h131q34 0 57 23t23 57v160H640v-91q-35 25-75.5 38T480-200q-43 0-84-13.5T320-252v92H40Zm440-160q-38 0-72-17.5T351-386q-17-25-42.5-39.5T253-440q22-37 93-58.5T480-520q63 0 134 21.5t93 58.5q-29 0-55 14.5T609-386q-22 32-56 49t-73 17ZM160-440q-50 0-85-35t-35-85q0-51 35-85.5t85-34.5q51 0 85.5 34.5T280-560q0 50-34.5 85T160-440Zm640 0q-50 0-85-35t-35-85q0-51 35-85.5t85-34.5q51 0 85.5 34.5T920-560q0 50-34.5 85T800-440ZM480-560q-50 0-85-35t-35-85q0-51 35-85.5t85-34.5q51 0 85.5 34.5T600-680q0 50-34.5 85T480-560Z\"><\/path><\/svg><\/span><span class=\"gb-headline-text\">Atenci\u00f3n al cliente<\/span><\/h3>\n\n<\/div><\/div>\n\n<div class=\"gb-grid-column gb-grid-column-b4197916\"><div class=\"gb-container gb-container-b4197916\">\n\n<p class=\"gb-headline gb-headline-114a8a96 gb-headline-text\">Un sitio en el que, mediante un <strong>trato directo y cercano<\/strong>, podamos atender a nuestros clientes, que conozcan de primera mano los productos y servicios que ofrecemos, las profesionales que estamos detr\u00e1s y nuestra filosof\u00eda de trabajo.<\/p>\n\n<\/div><\/div>\n<\/div>\n<\/div>\n\n<div class=\"gb-container gb-container-44397d4f\">\n\n<a class=\"gb-button gb-button-2f087f6d\" href=\"https:\/\/docs.google.com\/forms\/d\/1hgp4pHi5zADaOWpPsIiglUQ0qMQhZowZb60vkEvxYqs\/edit\" target=\"_blank\" rel=\"noopener noreferrer\"><span class=\"gb-button-text\">\u00fanete al colectivo<\/span><span class=\"gb-icon\"><svg xmlns=\"http:\/\/www.w3.org\/2000\/svg\" aria-hidden=\"true\" height=\"1em\" width=\"1em\" viewbox=\"0 0 256 512\"><path fill=\"currentColor\" d=\"M224.3 273l-136 136c-9.4 9.4-24.6 9.4-33.9 0l-22.6-22.6c-9.4-9.4-9.4-24.6 0-33.9l96.4-96.4-96.4-96.4c-9.4-9.4-9.4-24.6 0-33.9L54.3 103c9.4-9.4 24.6-9.4 33.9 0l136 136c9.5 9.4 9.5 24.6.1 34z\"><\/path><\/svg><\/span><\/a>\n\n<\/div>\n<div class=\"gb-shapes\"><div class=\"gb-shape gb-shape-1\"><svg xmlns=\"http:\/\/www.w3.org\/2000\/svg\" viewBox=\"0 0 1200 137.6\" preserveAspectRatio=\"none\"><path d=\"M0 137.6h1200V21.9l-66.7 26.7c-66.7 26.7-200 80-333.3 66.7S533.3 21.9 400 4.2C266.7-13.9 133.3 31.1 66.7 53L0 75.3v62.3z\"\/><\/svg><\/div><\/div><\/div>","protected":false},"excerpt":{"rendered":"<p>Las razones<\/p>\n","protected":false},"author":1,"featured_media":0,"parent":0,"menu_order":0,"comment_status":"closed","ping_status":"closed","template":"","meta":{"inline_featured_image":false,"footnotes":""},"personalizaciones":[],"class_list":["post-22539","page","type-page","status-publish"],"acf":[],"yoast_head":"<!-- This site is optimized with the Yoast SEO plugin v22.1 - https:\/\/yoast.com\/wordpress\/plugins\/seo\/ -->\n<title>Nuestra filosof\u00eda - Creativas Galegas<\/title>\n<meta name=\"robots\" content=\"index, follow, max-snippet:-1, max-image-preview:large, max-video-preview:-1\" \/>\n<link rel=\"canonical\" href=\"https:\/\/creativasgalegas.gal\/es\/nuestra-filosofia\/\" \/>\n<meta property=\"og:locale\" content=\"es_ES\" \/>\n<meta property=\"og:type\" content=\"article\" \/>\n<meta property=\"og:title\" content=\"Nuestra filosof\u00eda - Creativas Galegas\" \/>\n<meta property=\"og:description\" content=\"Las razones\" \/>\n<meta property=\"og:url\" content=\"https:\/\/creativasgalegas.gal\/es\/nuestra-filosofia\/\" \/>\n<meta property=\"og:site_name\" content=\"Creativas Galegas\" \/>\n<meta property=\"article:modified_time\" content=\"2025-10-07T10:19:31+00:00\" \/>\n<meta property=\"og:image\" content=\"https:\/\/creativasgalegas.gal\/wp-content\/uploads\/2023\/12\/Creativas_Galegas_Logotipo_hor_Negativo.svg\" \/>\n<meta name=\"twitter:card\" content=\"summary_large_image\" \/>\n<meta name=\"twitter:label1\" content=\"Tiempo de lectura\" \/>\n\t<meta name=\"twitter:data1\" content=\"2 minutos\" \/>\n<script type=\"application\/ld+json\" class=\"yoast-schema-graph\">{\"@context\":\"https:\/\/schema.org\",\"@graph\":[{\"@type\":\"WebPage\",\"@id\":\"https:\/\/creativasgalegas.gal\/es\/nuestra-filosofia\/\",\"url\":\"https:\/\/creativasgalegas.gal\/es\/nuestra-filosofia\/\",\"name\":\"Nuestra filosof\u00eda - Creativas Galegas\",\"isPartOf\":{\"@id\":\"https:\/\/creativasgalegas.gal\/es\/#website\"},\"datePublished\":\"2023-12-11T12:11:27+00:00\",\"dateModified\":\"2025-10-07T10:19:31+00:00\",\"breadcrumb\":{\"@id\":\"https:\/\/creativasgalegas.gal\/es\/nuestra-filosofia\/#breadcrumb\"},\"inLanguage\":\"es\",\"potentialAction\":[{\"@type\":\"ReadAction\",\"target\":[\"https:\/\/creativasgalegas.gal\/es\/nuestra-filosofia\/\"]}]},{\"@type\":\"BreadcrumbList\",\"@id\":\"https:\/\/creativasgalegas.gal\/es\/nuestra-filosofia\/#breadcrumb\",\"itemListElement\":[{\"@type\":\"ListItem\",\"position\":1,\"name\":\"Portada\",\"item\":\"https:\/\/creativasgalegas.gal\/es\/\"},{\"@type\":\"ListItem\",\"position\":2,\"name\":\"Nuestra filosof\u00eda\"}]},{\"@type\":\"WebSite\",\"@id\":\"https:\/\/creativasgalegas.gal\/es\/#website\",\"url\":\"https:\/\/creativasgalegas.gal\/es\/\",\"name\":\"Creativas Galegas\",\"description\":\"Asociaci\u00f3n de creativas e artes\u00e1ns | Mercado da creatividade\",\"publisher\":{\"@id\":\"https:\/\/creativasgalegas.gal\/es\/#organization\"},\"potentialAction\":[{\"@type\":\"SearchAction\",\"target\":{\"@type\":\"EntryPoint\",\"urlTemplate\":\"https:\/\/creativasgalegas.gal\/es\/?s={search_term_string}\"},\"query-input\":\"required name=search_term_string\"}],\"inLanguage\":\"es\"},{\"@type\":\"Organization\",\"@id\":\"https:\/\/creativasgalegas.gal\/es\/#organization\",\"name\":\"Creativas Galegas\",\"url\":\"https:\/\/creativasgalegas.gal\/es\/\",\"logo\":{\"@type\":\"ImageObject\",\"inLanguage\":\"es\",\"@id\":\"https:\/\/creativasgalegas.gal\/es\/#\/schema\/logo\/image\/\",\"url\":\"https:\/\/creativasgalegas.gal\/wp-content\/uploads\/2023\/12\/Creativas_Galegas_Logotipo_hor_esl_Positivo.svg\",\"contentUrl\":\"https:\/\/creativasgalegas.gal\/wp-content\/uploads\/2023\/12\/Creativas_Galegas_Logotipo_hor_esl_Positivo.svg\",\"caption\":\"Creativas Galegas\"},\"image\":{\"@id\":\"https:\/\/creativasgalegas.gal\/es\/#\/schema\/logo\/image\/\"}}]}<\/script>\n<!-- \/ Yoast SEO plugin. -->","yoast_head_json":{"title":"Nuestra filosof\u00eda - Creativas Galegas","robots":{"index":"index","follow":"follow","max-snippet":"max-snippet:-1","max-image-preview":"max-image-preview:large","max-video-preview":"max-video-preview:-1"},"canonical":"https:\/\/creativasgalegas.gal\/es\/nuestra-filosofia\/","og_locale":"es_ES","og_type":"article","og_title":"Nuestra filosof\u00eda - Creativas Galegas","og_description":"Las razones","og_url":"https:\/\/creativasgalegas.gal\/es\/nuestra-filosofia\/","og_site_name":"Creativas Galegas","article_modified_time":"2025-10-07T10:19:31+00:00","og_image":[{"url":"https:\/\/creativasgalegas.gal\/wp-content\/uploads\/2023\/12\/Creativas_Galegas_Logotipo_hor_Negativo.svg"}],"twitter_card":"summary_large_image","twitter_misc":{"Tiempo de lectura":"2 minutos"},"schema":{"@context":"https:\/\/schema.org","@graph":[{"@type":"WebPage","@id":"https:\/\/creativasgalegas.gal\/es\/nuestra-filosofia\/","url":"https:\/\/creativasgalegas.gal\/es\/nuestra-filosofia\/","name":"Nuestra filosof\u00eda - Creativas Galegas","isPartOf":{"@id":"https:\/\/creativasgalegas.gal\/es\/#website"},"datePublished":"2023-12-11T12:11:27+00:00","dateModified":"2025-10-07T10:19:31+00:00","breadcrumb":{"@id":"https:\/\/creativasgalegas.gal\/es\/nuestra-filosofia\/#breadcrumb"},"inLanguage":"es","potentialAction":[{"@type":"ReadAction","target":["https:\/\/creativasgalegas.gal\/es\/nuestra-filosofia\/"]}]},{"@type":"BreadcrumbList","@id":"https:\/\/creativasgalegas.gal\/es\/nuestra-filosofia\/#breadcrumb","itemListElement":[{"@type":"ListItem","position":1,"name":"Portada","item":"https:\/\/creativasgalegas.gal\/es\/"},{"@type":"ListItem","position":2,"name":"Nuestra filosof\u00eda"}]},{"@type":"WebSite","@id":"https:\/\/creativasgalegas.gal\/es\/#website","url":"https:\/\/creativasgalegas.gal\/es\/","name":"Creativas Galegas","description":"Asociaci\u00f3n de creativas e artes\u00e1ns | Mercado da creatividade","publisher":{"@id":"https:\/\/creativasgalegas.gal\/es\/#organization"},"potentialAction":[{"@type":"SearchAction","target":{"@type":"EntryPoint","urlTemplate":"https:\/\/creativasgalegas.gal\/es\/?s={search_term_string}"},"query-input":"required name=search_term_string"}],"inLanguage":"es"},{"@type":"Organization","@id":"https:\/\/creativasgalegas.gal\/es\/#organization","name":"Creativas Galegas","url":"https:\/\/creativasgalegas.gal\/es\/","logo":{"@type":"ImageObject","inLanguage":"es","@id":"https:\/\/creativasgalegas.gal\/es\/#\/schema\/logo\/image\/","url":"https:\/\/creativasgalegas.gal\/wp-content\/uploads\/2023\/12\/Creativas_Galegas_Logotipo_hor_esl_Positivo.svg","contentUrl":"https:\/\/creativasgalegas.gal\/wp-content\/uploads\/2023\/12\/Creativas_Galegas_Logotipo_hor_esl_Positivo.svg","caption":"Creativas Galegas"},"image":{"@id":"https:\/\/creativasgalegas.gal\/es\/#\/schema\/logo\/image\/"}}]}},"_links":{"self":[{"href":"https:\/\/creativasgalegas.gal\/es\/wp-json\/wp\/v2\/pages\/22539","targetHints":{"allow":["GET"]}}],"collection":[{"href":"https:\/\/creativasgalegas.gal\/es\/wp-json\/wp\/v2\/pages"}],"about":[{"href":"https:\/\/creativasgalegas.gal\/es\/wp-json\/wp\/v2\/types\/page"}],"author":[{"embeddable":true,"href":"https:\/\/creativasgalegas.gal\/es\/wp-json\/wp\/v2\/users\/1"}],"replies":[{"embeddable":true,"href":"https:\/\/creativasgalegas.gal\/es\/wp-json\/wp\/v2\/comments?post=22539"}],"version-history":[{"count":1,"href":"https:\/\/creativasgalegas.gal\/es\/wp-json\/wp\/v2\/pages\/22539\/revisions"}],"predecessor-version":[{"id":22544,"href":"https:\/\/creativasgalegas.gal\/es\/wp-json\/wp\/v2\/pages\/22539\/revisions\/22544"}],"wp:attachment":[{"href":"https:\/\/creativasgalegas.gal\/es\/wp-json\/wp\/v2\/media?parent=22539"}],"wp:term":[{"taxonomy":"personalizaciones","embeddable":true,"href":"https:\/\/creativasgalegas.gal\/es\/wp-json\/wp\/v2\/personalizaciones?post=22539"}],"curies":[{"name":"wp","href":"https:\/\/api.w.org\/{rel}","templated":true}]}}