{"id":22535,"date":"2023-03-28T06:57:03","date_gmt":"2023-03-28T04:57:03","guid":{"rendered":"https:\/\/creativasgalegas.gal\/politica-de-privacidad\/"},"modified":"2025-10-07T12:19:29","modified_gmt":"2025-10-07T10:19:29","slug":"politica-de-privacidad","status":"publish","type":"page","link":"https:\/\/creativasgalegas.gal\/es\/politica-de-privacidad\/","title":{"rendered":"Pol\u00edtica de privacidad"},"content":{"rendered":"<ol>\n<li><strong>1<\/strong><strong>. <\/strong><strong>DATOS IDENTIFICATIVOS:<\/strong> De conformidad con el deber de informaci\u00f3n contenido en el art\u00edculo 10 de la Ley 34\/2002, de 11 de julio, de Servicios de la Sociedad de la Informaci\u00f3n y de Comercio Electr\u00f3nico, a continuaci\u00f3n se recogen los siguientes datos: la empresa propietaria de <a href=\"http:\/\/www.creativasgalegas.com\/\">creativasgalegas.gal<\/a> es <strong>COMUNIDADE CREATIVA, SOCIEDADE COOPERATIVA GALEGA, <\/strong>en adelante <strong>CREATIVAS GALEGAS<\/strong>, con CIF n\u00famero<strong> F 01.631.282 <\/strong>y domicilio a estos efectos en R\u00faa da Caldeirer\u00eda, 36 Baixo 15703 Santiago de Compostela \u2013 A Coru\u00f1a, con correo electr\u00f3nico de contacto: <a href=\"mailto:creativasgalegas@gmail.com\">ola@creativasgalegas.gal<\/a><\/li>\n<\/ol>\n<p>&nbsp;<\/p>\n<ol>\n<li><strong>USUARIOS: <\/strong>El acceso y\/o uso de este portal de <strong>CREATIVAS GALEGAS<\/strong> atribuye la condici\u00f3n de USUARIO, que acepta, desde dicho acceso y\/o uso, las Condiciones generales de uso aqu\u00ed reflejadas. Las condiciones anteriormente mencionadas se aplicar\u00e1n con independencia de las Condiciones Generales de Contrataci\u00f3n que, en su caso, sean de obligado cumplimiento.<\/li>\n<\/ol>\n<ol start=\"3\">\n<li><strong>PROTECCI\u00d3N DE DATOS DE CAR\u00c1CTER PERSONAL<\/strong><\/li>\n<\/ol>\n<p><strong> <\/strong><\/p>\n<table>\n<tbody>\n<tr>\n<td colspan=\"2\" width=\"581\"><strong>INFORMACI\u00d3N B\u00c1SICA SOBRE PROTECCI\u00d3N DE DATOS<\/strong><\/td>\n<\/tr>\n<tr>\n<td width=\"129\"><strong> <\/strong><br \/>\n<strong> <\/strong><br \/>\n<strong>Responsable<\/strong><br \/>\n<strong> <\/strong><\/td>\n<td width=\"452\"><strong> <\/strong><br \/>\n&nbsp;<br \/>\n<strong>COMUNIDADE CREATIVA, SOCIEDADE COOPERATIVA GALEGA<\/strong><\/td>\n<\/tr>\n<tr>\n<td width=\"129\"><strong> <\/strong><br \/>\n<strong>Finalidad<\/strong><br \/>\n<strong> <\/strong><\/td>\n<td width=\"452\"><strong> <\/strong><br \/>\nGesti\u00f3n de la solicitud<br \/>\n&nbsp;<\/td>\n<\/tr>\n<tr>\n<td width=\"129\"><strong> <\/strong><br \/>\n<strong>Legitimaci\u00f3n<\/strong><br \/>\n<strong> <\/strong><\/td>\n<td width=\"452\">&nbsp;<br \/>\nEjecuci\u00f3n de un contrato \/ prestaci\u00f3n de servicios<\/td>\n<\/tr>\n<tr>\n<td width=\"129\"><strong> <\/strong><br \/>\n<strong>Destinatarios<\/strong><br \/>\n<strong> <\/strong><\/td>\n<td width=\"452\"><strong> <\/strong><br \/>\nNo realiza cesiones de datos a terceros<br \/>\n&nbsp;<\/td>\n<\/tr>\n<tr>\n<td width=\"129\"><strong> <\/strong><br \/>\n<strong>Derechos<\/strong><br \/>\n<strong> <\/strong><\/td>\n<td width=\"452\"><strong> <\/strong><br \/>\nPodr\u00e1 ejercitar los derechos de acceso, rectificaci\u00f3n, supresi\u00f3n, limitaci\u00f3n, oposici\u00f3n y portabilidad  de los datos aportados, como se indica en la informaci\u00f3n adicional.<br \/>\n<strong> <\/strong><\/td>\n<\/tr>\n<tr>\n<td width=\"129\"><strong> <\/strong><br \/>\n<strong>Informaci\u00f3n Adicional<\/strong><br \/>\n<strong> <\/strong><\/td>\n<td width=\"452\">&nbsp;<br \/>\nPuede consultar la informaci\u00f3n adicional y detallada sobre Protecci\u00f3n de Datos siguiendo el siguiente enlace<br \/>\n<strong> <\/strong><br \/>\n<strong>+Info<\/strong><strong> Protecci\u00f3n de Datos<\/strong><br \/>\n<strong> <\/strong><\/td>\n<\/tr>\n<\/tbody>\n<\/table>\n<p><strong> <\/strong><strong> <\/strong><br \/>\n<strong>POL\u00cdTICA DE PRIVACIDAD (II) <\/strong><br \/>\n<strong>+Info Protecci\u00f3n de Datos<\/strong><br \/>\n&nbsp;<\/p>\n<table>\n<tbody>\n<tr>\n<td colspan=\"2\" width=\"581\"><strong>INFORMACI\u00d3N DETALLADA PROTECCI\u00d3N DE DATOS<\/strong><\/td>\n<\/tr>\n<tr>\n<td width=\"128\">&nbsp;<br \/>\n<strong>Responsable<\/strong><\/td>\n<td width=\"453\"><strong> <\/strong><br \/>\n&nbsp;<br \/>\n<strong><em>\u00bfQui\u00e9n<\/em><\/strong><strong><em> es el Responsable del<\/em><\/strong><strong><em> tratamiento<\/em><\/strong><strong><em> de sus<\/em><\/strong><strong><em> datos?<\/em><\/strong><br \/>\nIdentidad:  <strong>COMUNIDADE CREATIVA, SOCIEDADE COOPERATIVA GALEGA \u2013 <\/strong><strong>CREATIVAS GALEGAS<\/strong><br \/>\nDomicilio Social:  R\u00faa da Caldeirer\u00eda, 36 Baixo 15703 Santiago de Compostela \u2013 A Coru\u00f1a<br \/>\n&nbsp;<br \/>\nTel\u00e9fono:<br \/>\nE-mail:<a href=\"mailto:creativasgalegas@gmail.com\">ola@creativasgalegas.gal<\/a><br \/>\n&nbsp;<\/td>\n<\/tr>\n<tr>\n<td width=\"128\"><strong>Finalidad<\/strong><\/td>\n<td width=\"453\"><strong> <\/strong><br \/>\n<strong><em>\u00bfCon qu\u00e9<\/em><\/strong><strong><em> finalidad<\/em><\/strong><strong><em> tratamos sus<\/em><\/strong><strong><em> datos<\/em><\/strong><strong><em> personales<\/em><\/strong><strong><em>?<\/em><\/strong><br \/>\n<strong><em> <\/em><\/strong><br \/>\nEn <strong>CREATIVAS GALEGAS<\/strong> tratamos la informaci\u00f3n que nos facilitan las personas interesadas con el fin de gestionar el env\u00edo de la informaci\u00f3n o de los productos solicitados.<br \/>\n&nbsp;<br \/>\nNo realizamos tratamientos de datos automatizados con el fin de elaborar perfiles<br \/>\n&nbsp;<br \/>\n<strong><em>\u00bfPor<\/em><\/strong><strong><em> cu\u00e1nto<\/em><\/strong><strong><em> tiempo conservaremos sus<\/em><\/strong><strong><em> datos?<\/em><\/strong><br \/>\n<strong><em> <\/em><\/strong><br \/>\nLos datos personales facilitados por el usuario se conservar\u00e1n mientras no se solicite la supresi\u00f3n de los mismos por parte del interesado<br \/>\n&nbsp;<br \/>\n&nbsp;<\/td>\n<\/tr>\n<tr>\n<td width=\"128\"><strong>Legitimaci\u00f3n<\/strong><\/td>\n<td width=\"453\"><strong> <\/strong><br \/>\nLa base legal para el tratamiento de sus datos es la ejecuci\u00f3n de su solicitud, el desarrollo y ejecuci\u00f3n de las relaciones contractuales y precontractuales establecidas con usted, as\u00ed como el cumplimiento de obligaciones legales que le son de aplicaci\u00f3n a <strong>CREATIVAS GALEGAS.<\/strong><br \/>\n&nbsp;<\/td>\n<\/tr>\n<tr>\n<td width=\"128\"><strong>Destinatarios<\/strong><\/td>\n<td width=\"453\"><strong> <\/strong><br \/>\n<strong><em>\u00bfA qu\u00e9 destinatarios se comunicar\u00e1n sus<\/em><\/strong><strong><em> datos?<\/em><\/strong><br \/>\n<strong>CREATIVAS GALEGAS<\/strong> no ceder\u00e1 sus datos a otras empresas, salvo a las Administraciones p\u00fablicas a las que sea obligado por ley.<br \/>\n&nbsp;<\/td>\n<\/tr>\n<tr>\n<td width=\"128\"><strong> <\/strong><br \/>\n<strong>Derechos<\/strong><\/td>\n<td width=\"453\"><strong> <\/strong><br \/>\nEl usuario podr\u00e1 ejercer en todo momento los derechos de Acceso, Rectificaci\u00f3n, Supresi\u00f3n, Limitaci\u00f3n, Oposici\u00f3n y Portabilidad de los datos aportados,  seg\u00fan lo dispuesto en el Reglamento General (UE) 2016\/679 de Protecci\u00f3n de Datos, y en la Ley Org\u00e1nica 3\/2018 sobre Protecci\u00f3n de Datos Personales y Garant\u00eda de Derechos Digitales, dirigiendo un escrito en el que especifique qu\u00e9 derecho desea ejercer y anexando copia de documento oficial que lo identifique dirigido a la direcci\u00f3n arriba indicada o al correo electr\u00f3nico <a href=\"mailto:creativasgalegas@gmail.com\">ola@creativasgalegas.gal<\/a><br \/>\n&nbsp;<br \/>\nDel mismo modo, el interesado puede presentar una reclamaci\u00f3n ante la Autoridad de Control.<br \/>\n&nbsp;<br \/>\n<strong> <\/strong><\/td>\n<\/tr>\n<\/tbody>\n<\/table>\n<p>&nbsp;<br \/>\nEn cumplimiento de las disposiciones del Reglamento General (UE) 2016\/679 sobre Protecci\u00f3n de Datos, y de la Ley Org\u00e1nica 3\/2018 sobre Protecci\u00f3n de Datos Personales y Garant\u00eda de Derechos Digitales, informamos al usuario que los datos personales que nos proporcione de forma voluntaria, por cualquiera de nuestros medios de recogida de informaci\u00f3n, se incorporar\u00e1n a las actividades automatizadas de procesamiento de datos de car\u00e1cter personal de <strong>COMUNIDADE CREATIVA, SOCIEDADE COOPERATIVA GALEGA \u2013 CREATIVAS GALEGAS<\/strong>, para poder prestar nuestros servicios, as\u00ed como para mantenerlo informado sobre asuntos relacionados con la actividad de la empresa y sus servicios. Los campos marcados con \u201c*\u201d son obligatorios, por lo que la omisi\u00f3n de estos campos impedir\u00e1 que el USUARIO goce de alguno de los servicios y la informaci\u00f3n ofrecida en la web. Los datos contenidos en ella ser\u00e1n tratados confidencialmente.<\/p>\n<p><strong>CREATIVAS GALEGAS<\/strong> cumple plenamente la legislaci\u00f3n vigente sobre protecci\u00f3n de datos personales y con los compromisos de confidencialidad inherentes a su actividad.<\/p>\n<p><strong>CREATIVAS GALEGAS<\/strong> ha adoptado las medidas t\u00e9cnicas necesarias para mantener el nivel de seguridad exigido, seg\u00fan la naturaleza de los datos personales tratados y las circunstancias del tratamiento, para evitar, en la medida de lo posible y siempre de acuerdo con el estado de la t\u00e9cnica, su alteraci\u00f3n, p\u00e9rdida, tratamiento o acceso no autorizado. Para realizar la gesti\u00f3n anteriormente mencionada, puede ser necesario transferir los datos a los encargados de tratamiento, a las empresas colaboradoras y a las administraciones p\u00fablicas (que pueden verificar la exactitud de los datos).<br \/>\nEn el caso de que el USUARIO proporcione datos personales, haciendo referencia a personas distintas a \u00e9l mismo, el USUARIO debe, previamente a la inclusi\u00f3n, informarles del contenido de esta cl\u00e1usula, de conformidad con lo dispuesto en el Reglamento General (UE) Protecci\u00f3n de Datos 2016\/679, y en la Ley Org\u00e1nica 3\/2018 sobre Protecci\u00f3n de Datos Personales y Garant\u00eda de Derechos Digitales.<\/p>\n<p><strong>CREATIVAS GALEGAS<\/strong> como responsable de la actividad de tratamiento, garantiza el ejercicio de los derechos de acceso, rectificaci\u00f3n, cancelaci\u00f3n, limitaci\u00f3n, oposici\u00f3n y portabilidad de los datos proporcionados, tal y como se establece en el Reglamento General (UE) 2016\/679 sobre Protecci\u00f3n de Datos, y en la Ley Org\u00e1nica 3\/2018 sobre Protecci\u00f3n de Datos Personales y Garant\u00eda de Derechos Digitales, el USUARIO puede ejercer los derechos en cualquier momento, escribiendo una carta al domicilio social, adjuntando una copia del DNI o del Pasaporte.<\/p>\n<p><strong>CREATIVAS GALEGAS<\/strong> garantiza que todas las comunicaciones comerciales dirigidas a sus clientes cumplen con la normativa vigente.<br \/>\nPor lo tanto, de acuerdo con la Ley 34\/2002 de Servicios de la Sociedad de la Informaci\u00f3n y de Comercio Electr\u00f3nico y de la Ley General de Telecomunicaciones 9\/2014, informamos al USUARIO que <strong>CREATIVAS GALEGAS<\/strong> puede enviarle por v\u00eda electr\u00f3nica informaci\u00f3n sobre productos y servicios de inter\u00e9s a los que da su consentimiento.<\/p>\n<p>En cualquier momento puede revocar esta autorizaci\u00f3n en la direcci\u00f3n de correo electr\u00f3nico <a href=\"mailto:creativasgalegas@gmail.com\">ola@creativasgalegas.gal<\/a><\/p>\n\n","protected":false},"excerpt":{"rendered":"","protected":false},"author":1,"featured_media":0,"parent":0,"menu_order":0,"comment_status":"closed","ping_status":"closed","template":"","meta":{"inline_featured_image":false,"footnotes":""},"personalizaciones":[],"class_list":["post-22535","page","type-page","status-publish"],"acf":[],"yoast_head":"<!-- This site is optimized with the Yoast SEO plugin v22.1 - https:\/\/yoast.com\/wordpress\/plugins\/seo\/ -->\n<title>Pol\u00edtica de privacidad - Creativas Galegas<\/title>\n<meta name=\"robots\" content=\"noindex, nofollow\" \/>\n<meta property=\"og:locale\" content=\"es_ES\" \/>\n<meta property=\"og:type\" content=\"article\" \/>\n<meta property=\"og:title\" content=\"Pol\u00edtica de privacidad - Creativas Galegas\" \/>\n<meta property=\"og:url\" content=\"https:\/\/creativasgalegas.gal\/es\/politica-de-privacidad\/\" \/>\n<meta property=\"og:site_name\" content=\"Creativas Galegas\" \/>\n<meta property=\"article:modified_time\" content=\"2025-10-07T10:19:29+00:00\" \/>\n<meta name=\"twitter:card\" content=\"summary_large_image\" \/>\n<script type=\"application\/ld+json\" class=\"yoast-schema-graph\">{\"@context\":\"https:\/\/schema.org\",\"@graph\":[{\"@type\":\"WebPage\",\"@id\":\"https:\/\/creativasgalegas.gal\/es\/politica-de-privacidad\/\",\"url\":\"https:\/\/creativasgalegas.gal\/es\/politica-de-privacidad\/\",\"name\":\"Pol\u00edtica de privacidad - Creativas Galegas\",\"isPartOf\":{\"@id\":\"https:\/\/creativasgalegas.gal\/es\/#website\"},\"datePublished\":\"2023-03-28T04:57:03+00:00\",\"dateModified\":\"2025-10-07T10:19:29+00:00\",\"breadcrumb\":{\"@id\":\"https:\/\/creativasgalegas.gal\/es\/politica-de-privacidad\/#breadcrumb\"},\"inLanguage\":\"es\",\"potentialAction\":[{\"@type\":\"ReadAction\",\"target\":[\"https:\/\/creativasgalegas.gal\/es\/politica-de-privacidad\/\"]}]},{\"@type\":\"BreadcrumbList\",\"@id\":\"https:\/\/creativasgalegas.gal\/es\/politica-de-privacidad\/#breadcrumb\",\"itemListElement\":[{\"@type\":\"ListItem\",\"position\":1,\"name\":\"Portada\",\"item\":\"https:\/\/creativasgalegas.gal\/es\/\"},{\"@type\":\"ListItem\",\"position\":2,\"name\":\"Pol\u00edtica de privacidad\"}]},{\"@type\":\"WebSite\",\"@id\":\"https:\/\/creativasgalegas.gal\/es\/#website\",\"url\":\"https:\/\/creativasgalegas.gal\/es\/\",\"name\":\"Creativas Galegas\",\"description\":\"Asociaci\u00f3n de creativas e artes\u00e1ns | Mercado da creatividade\",\"publisher\":{\"@id\":\"https:\/\/creativasgalegas.gal\/es\/#organization\"},\"potentialAction\":[{\"@type\":\"SearchAction\",\"target\":{\"@type\":\"EntryPoint\",\"urlTemplate\":\"https:\/\/creativasgalegas.gal\/es\/?s={search_term_string}\"},\"query-input\":\"required name=search_term_string\"}],\"inLanguage\":\"es\"},{\"@type\":\"Organization\",\"@id\":\"https:\/\/creativasgalegas.gal\/es\/#organization\",\"name\":\"Creativas Galegas\",\"url\":\"https:\/\/creativasgalegas.gal\/es\/\",\"logo\":{\"@type\":\"ImageObject\",\"inLanguage\":\"es\",\"@id\":\"https:\/\/creativasgalegas.gal\/es\/#\/schema\/logo\/image\/\",\"url\":\"https:\/\/creativasgalegas.gal\/wp-content\/uploads\/2023\/12\/Creativas_Galegas_Logotipo_hor_esl_Positivo.svg\",\"contentUrl\":\"https:\/\/creativasgalegas.gal\/wp-content\/uploads\/2023\/12\/Creativas_Galegas_Logotipo_hor_esl_Positivo.svg\",\"caption\":\"Creativas Galegas\"},\"image\":{\"@id\":\"https:\/\/creativasgalegas.gal\/es\/#\/schema\/logo\/image\/\"}}]}<\/script>\n<!-- \/ Yoast SEO plugin. -->","yoast_head_json":{"title":"Pol\u00edtica de privacidad - Creativas Galegas","robots":{"index":"noindex","follow":"nofollow"},"og_locale":"es_ES","og_type":"article","og_title":"Pol\u00edtica de privacidad - Creativas Galegas","og_url":"https:\/\/creativasgalegas.gal\/es\/politica-de-privacidad\/","og_site_name":"Creativas Galegas","article_modified_time":"2025-10-07T10:19:29+00:00","twitter_card":"summary_large_image","schema":{"@context":"https:\/\/schema.org","@graph":[{"@type":"WebPage","@id":"https:\/\/creativasgalegas.gal\/es\/politica-de-privacidad\/","url":"https:\/\/creativasgalegas.gal\/es\/politica-de-privacidad\/","name":"Pol\u00edtica de privacidad - Creativas Galegas","isPartOf":{"@id":"https:\/\/creativasgalegas.gal\/es\/#website"},"datePublished":"2023-03-28T04:57:03+00:00","dateModified":"2025-10-07T10:19:29+00:00","breadcrumb":{"@id":"https:\/\/creativasgalegas.gal\/es\/politica-de-privacidad\/#breadcrumb"},"inLanguage":"es","potentialAction":[{"@type":"ReadAction","target":["https:\/\/creativasgalegas.gal\/es\/politica-de-privacidad\/"]}]},{"@type":"BreadcrumbList","@id":"https:\/\/creativasgalegas.gal\/es\/politica-de-privacidad\/#breadcrumb","itemListElement":[{"@type":"ListItem","position":1,"name":"Portada","item":"https:\/\/creativasgalegas.gal\/es\/"},{"@type":"ListItem","position":2,"name":"Pol\u00edtica de privacidad"}]},{"@type":"WebSite","@id":"https:\/\/creativasgalegas.gal\/es\/#website","url":"https:\/\/creativasgalegas.gal\/es\/","name":"Creativas Galegas","description":"Asociaci\u00f3n de creativas e artes\u00e1ns | Mercado da creatividade","publisher":{"@id":"https:\/\/creativasgalegas.gal\/es\/#organization"},"potentialAction":[{"@type":"SearchAction","target":{"@type":"EntryPoint","urlTemplate":"https:\/\/creativasgalegas.gal\/es\/?s={search_term_string}"},"query-input":"required name=search_term_string"}],"inLanguage":"es"},{"@type":"Organization","@id":"https:\/\/creativasgalegas.gal\/es\/#organization","name":"Creativas Galegas","url":"https:\/\/creativasgalegas.gal\/es\/","logo":{"@type":"ImageObject","inLanguage":"es","@id":"https:\/\/creativasgalegas.gal\/es\/#\/schema\/logo\/image\/","url":"https:\/\/creativasgalegas.gal\/wp-content\/uploads\/2023\/12\/Creativas_Galegas_Logotipo_hor_esl_Positivo.svg","contentUrl":"https:\/\/creativasgalegas.gal\/wp-content\/uploads\/2023\/12\/Creativas_Galegas_Logotipo_hor_esl_Positivo.svg","caption":"Creativas Galegas"},"image":{"@id":"https:\/\/creativasgalegas.gal\/es\/#\/schema\/logo\/image\/"}}]}},"_links":{"self":[{"href":"https:\/\/creativasgalegas.gal\/es\/wp-json\/wp\/v2\/pages\/22535","targetHints":{"allow":["GET"]}}],"collection":[{"href":"https:\/\/creativasgalegas.gal\/es\/wp-json\/wp\/v2\/pages"}],"about":[{"href":"https:\/\/creativasgalegas.gal\/es\/wp-json\/wp\/v2\/types\/page"}],"author":[{"embeddable":true,"href":"https:\/\/creativasgalegas.gal\/es\/wp-json\/wp\/v2\/users\/1"}],"replies":[{"embeddable":true,"href":"https:\/\/creativasgalegas.gal\/es\/wp-json\/wp\/v2\/comments?post=22535"}],"version-history":[{"count":1,"href":"https:\/\/creativasgalegas.gal\/es\/wp-json\/wp\/v2\/pages\/22535\/revisions"}],"predecessor-version":[{"id":22536,"href":"https:\/\/creativasgalegas.gal\/es\/wp-json\/wp\/v2\/pages\/22535\/revisions\/22536"}],"wp:attachment":[{"href":"https:\/\/creativasgalegas.gal\/es\/wp-json\/wp\/v2\/media?parent=22535"}],"wp:term":[{"taxonomy":"personalizaciones","embeddable":true,"href":"https:\/\/creativasgalegas.gal\/es\/wp-json\/wp\/v2\/personalizaciones?post=22535"}],"curies":[{"name":"wp","href":"https:\/\/api.w.org\/{rel}","templated":true}]}}