{"id":22532,"date":"2023-03-28T06:13:50","date_gmt":"2023-03-28T04:13:50","guid":{"rendered":"https:\/\/creativasgalegas.gal\/aviso-legal\/"},"modified":"2025-10-27T10:47:50","modified_gmt":"2025-10-27T09:47:50","slug":"aviso-legal","status":"publish","type":"page","link":"https:\/\/creativasgalegas.gal\/es\/aviso-legal\/","title":{"rendered":"Aviso legal"},"content":{"rendered":"\n<p><\/p>\n\n\n<div class=\"paginas_legales\">\n<p><strong>AVISO LEGAL LEY DE SERVICIOS DE LA SOCIEDAD DE LA INFORMACI\u00d3N Y COMERCIO ELECTR\u00d3NICO<\/strong><\/p>\n<ol>\n<li><strong>DATOS IDENTIFICATIVOS:<\/strong> De conformidad con el deber de informaci\u00f3n recogido en el art\u00edculo 10 de la Ley 34\/2002, de 11 de julio, de Servicios de la Sociedad de la Informaci\u00f3n y de Comercio Electr\u00f3nico, se recogen a continuaci\u00f3n los siguientes datos: la empresa titular de <a href=\"http:\/\/www.creativasgalegas.com\/\">www.creativasgalegas.gal<\/a> es <strong>COMUNIDADE CREATIVA, SOCIEDADE COOPERATIVA GALEGA<\/strong>, en adelante <strong>CREATIVAS GALEGAS<\/strong> con CIF n\u00famero <strong>F 01.631.282<\/strong> y domicilio a estos efectos en R\u00faa da Caldeirer\u00eda, 36 Baixo 15703 Santiago de Compostela \u2013 A Coru\u00f1a, con direcci\u00f3n de correo electr\u00f3nico Contacto: <a href=\"mailto:creativasgalegas@gmail.com\">ola@creativasgalegas.gal<\/a><\/li>\n<\/ol>\n<p><strong>\u00a0<\/strong><\/p>\n<ol start=\"2\">\n<li><strong>USUARIOS:<\/strong> El acceso y\/o uso de este portal de <strong>CREATIVAS GALEGAS<\/strong> atribuye la condici\u00f3n de USUARIO, que acepta, desde dicho acceso y\/o uso, las Condiciones Generales de Uso aqu\u00ed reflejadas. Las citadas condiciones ser\u00e1n de aplicaci\u00f3n independientemente de las Condiciones Generales de Contrataci\u00f3n que, en su caso, resulten de obligado cumplimiento.<\/li>\n<\/ol>\n<p><strong>\u00a0<\/strong><\/p>\n<ol start=\"3\">\n<li><strong>USO DEL PORTAL:<\/strong><a href=\"http:\/\/www.creativasgalegas.com\/\">www.creativasgalegas.gal<\/a> proporciona acceso a multitud de informaci\u00f3n, servicios, programas o datos (en adelante, \u00ablos contenidos\u00bb) en Internet pertenecientes a <strong>CREATIVAS GALEGAS<\/strong>, a los que el USUARIO puede tener acceso. El USUARIO asume la responsabilidad del uso del portal. Esta responsabilidad se extiende al registro necesario para acceder a determinados servicios o contenidos.<\/li>\n<\/ol>\n<p>&nbsp;<br \/>\nEn este registro, el USUARIO ser\u00e1 responsable de proporcionar informaci\u00f3n veraz y l\u00edcita. Como consecuencia de este registro, se le proporcionar\u00e1 una contrase\u00f1a de la que ser\u00e1 responsable, comprometi\u00e9ndose a hacer un uso diligente y confidencial de la misma. El USUARIO se compromete a hacer un uso adecuado de los contenidos y servicios que <strong>CREATIVAS GALEGAS<\/strong> ofrece a trav\u00e9s de su sitio web, comprometi\u00e9ndose a no utilizarlos para actividades que puedan ser ilegales, contrarias al orden p\u00fablico, la defensa nacional o la salud p\u00fablica.<\/p>\n<p>&nbsp;<\/p>\n<p>En cualquier caso, <strong>CREATIVAS GALEGAS<\/strong> se reserva el derecho a modificar unilateralmente, en cualquier momento y sin previo aviso, la estructura y el dise\u00f1o del sitio web: modificar o eliminar servicios o contenidos, as\u00ed como las condiciones de acceso y\/o uso del sitio web.<\/p>\n<p>&nbsp;<\/p>\n<p>Asimismo, <strong>CREATIVAS GALEGAS<\/strong> se reserva el derecho a modificar en cualquier momento las presentes condiciones de uso, as\u00ed como cualquier otra condici\u00f3n particular contenida en el sitio web <a href=\"http:\/\/www.creativasgalegas.com\/\">www.creativasgalegas.gal<\/a><\/p>\n<p>&nbsp;<\/p>\n<ol start=\"4\">\n<li><strong>PROTECCI\u00d3N DE DATOS PERSONALES<\/strong><\/li>\n<\/ol>\n<p>En cumplimiento de lo dispuesto en el Reglamento General (UE) 2016\/679 de Protecci\u00f3n de Datos y en la Ley Org\u00e1nica 3\/2018 de Protecci\u00f3n de Datos Personales y Garant\u00eda de los Derechos Digitales, informamos al usuario de que los datos personales que nos facilite voluntariamente, a trav\u00e9s de cualquiera de nuestros medios de recogida de informaci\u00f3n, se incorporar\u00e1n al tratamiento automatizado de datos personales de <strong>CREATIVAS GALEGAS<\/strong>, con la finalidad de prestarle nuestros servicios, as\u00ed como para mantenerle informado sobre asuntos relacionados con la actividad de la empresa y sus servicios. Los campos marcados con \u201c*\u201d son obligatorios, por lo que la omisi\u00f3n de estos campos impedir\u00e1 al USUARIO disfrutar de los servicios e informaci\u00f3n ofrecidos en el sitio web. Los datos que contengan ser\u00e1n tratados de forma confidencial.<\/p>\n<p>&nbsp;<\/p>\n<p>CREATIVAS GALEGAS cumple \u00edntegramente con la legislaci\u00f3n vigente en materia de protecci\u00f3n de datos personales y con los compromisos de confidencialidad inherentes a su actividad.<br \/>\n&nbsp;<\/p>\n<p><strong>CREATIVAS GALEGAS<\/strong> ha adoptado las medidas t\u00e9cnicas necesarias para mantener el nivel de seguridad requerido, seg\u00fan la naturaleza de los datos personales tratados y las circunstancias del tratamiento, con el fin de evitar, en la medida de lo posible y siempre seg\u00fan el estado de la t\u00e9cnica, su alteraci\u00f3n, p\u00e9rdida, tratamiento o acceso no autorizado. Para llevar a cabo dicha gesti\u00f3n, podr\u00eda ser necesario ceder los datos a encargados del tratamiento, empresas colaboradoras y administraciones p\u00fablicas (que pueden verificar la exactitud de los datos).<\/p>\n<p>&nbsp;<\/p>\n<p>En caso de que el USUARIO proporcione datos personales referentes a personas distintas a \u00e9l mismo, deber\u00e1, con car\u00e1cter previo a su inclusi\u00f3n, informarles del contenido de esta cl\u00e1usula, de conformidad con lo dispuesto en el Reglamento General (UE) 2016\/679 de Protecci\u00f3n de Datos y en la Ley Org\u00e1nica 3\/2018 de Protecci\u00f3n de Datos Personales y Garant\u00eda de los Derechos Digitales.<\/p>\n<p>&nbsp;<\/p>\n<p><strong>CREATIVAS GALEGAS<\/strong>, como responsable del tratamiento, garantiza el ejercicio de los derechos de acceso, rectificaci\u00f3n, cancelaci\u00f3n, limitaci\u00f3n, oposici\u00f3n y portabilidad de los datos facilitados, seg\u00fan lo establecido en el Reglamento General (UE) 2016\/679 de Protecci\u00f3n de Datos y en la Ley Org\u00e1nica 3\/2018 de Protecci\u00f3n de Datos Personales y Garant\u00eda de los Derechos Digitales. El USUARIO podr\u00e1 ejercer estos derechos en cualquier momento, dirigi\u00e9ndose por escrito al domicilio social, adjuntando una copia del DNI o pasaporte.<\/p>\n<p>&nbsp;<\/p>\n<p>CREATIVAS GALEGAS garantiza que todas las comunicaciones comerciales dirigidas a sus clientes cumplen con la normativa vigente.<\/p>\n<p>&nbsp;<\/p>\n<p>Por lo tanto, de conformidad con la Ley 34\/2002 de Servicios de la Sociedad de la Informaci\u00f3n y de Comercio Electr\u00f3nico y la Ley 9\/2014 General de Telecomunicaciones, informamos al USUARIO que <strong>CREATIVAS GALEGAS<\/strong> podr\u00e1 enviarle informaci\u00f3n electr\u00f3nica sobre productos y servicios de su inter\u00e9s, a lo cual usted presta su consentimiento.<\/p>\n<p>&nbsp;<\/p>\n<p>Puede revocar esta autorizaci\u00f3n en cualquier momento en la direcci\u00f3n <a href=\"mailto:creativasgalegas@gmail.com\">ola@creativasgalegas.gal<\/a>.<\/p>\n<p>&nbsp;<\/p>\n<ol start=\"5\">\n<li><strong>USO DE COOKIES:<\/strong> Se advierte al USUARIO que este sitio web utiliza cookies. Las cookies son peque\u00f1os archivos de texto que se instalan en el navegador del USUARIO para registrar su actividad, enviando una identificaci\u00f3n an\u00f3nima almacenada en \u00e9l, para facilitar la navegaci\u00f3n, por ejemplo, permitiendo el acceso a los USUARIOS que se hayan registrado previamente y acceder a \u00e1reas, servicios, promociones o concursos reservados exclusivamente para ellos sin tener que registrarse en cada visita. Tambi\u00e9n se pueden utilizar para medir la audiencia, los par\u00e1metros de tr\u00e1fico y navegaci\u00f3n, el tiempo de sesi\u00f3n y\/o controlar el progreso y el n\u00famero de entradas. <strong>CREATIVAS GALEGAS<\/strong> siempre intentar\u00e1 establecer los mecanismos adecuados para obtener el consentimiento del USUARIO para la instalaci\u00f3n de cookies que lo requieran. No obstante lo anterior, cabe se\u00f1alar que, de conformidad con la ley, se entender\u00e1 que (i) el USUARIO ha otorgado su consentimiento si modifica la configuraci\u00f3n del navegador deshabilitando las restricciones que impiden la entrada de cookies y (ii) que dicho consentimiento no ser\u00e1 necesario para la instalaci\u00f3n de cookies estrictamente necesarias para la prestaci\u00f3n de un servicio solicitado expresamente por el USUARIO (mediante registro previo).Es posible que algunas cookies utilizadas en este sitio web no est\u00e9n relacionadas con CREATIVAS GALEGAS. Esto se debe a que algunas p\u00e1ginas del sitio web han insertado contenido de sitios web de terceros (como un v\u00eddeo de YouTube). Dado que dicho contenido proviene de otro sitio web, CREATIVAS GALEGAS no controla la configuraci\u00f3n de estas cookies. Si desea cambiar sus preferencias de configuraci\u00f3n de cookies, debe consultar los sitios web de estos terceros para obtener informaci\u00f3n.\n<p><strong>\u00a0<\/strong><\/p>\n<ol start=\"6\">\n<li><strong>PROPIEDAD INTELECTUAL E INDUSTRIAL:<\/strong><strong>CREATIVAS GALEGAS<\/strong>, por s\u00ed sola o como cesionaria, es titular de todos los derechos de propiedad intelectual e industrial de su sitio web, as\u00ed como de los elementos contenidos en el mismo (a t\u00edtulo enunciativo, im\u00e1genes, sonido, audio, v\u00eddeo, software o textos; logotipos, combinaciones de colores, estructura y dise\u00f1o&#8230;). Quedan expresamente prohibidas su reproducci\u00f3n, distribuci\u00f3n y comunicaci\u00f3n p\u00fablica, incluida la puesta a disposici\u00f3n total o parcial de los contenidos de este sitio web, en cualquier soporte y por cualquier medio t\u00e9cnico, sin la autorizaci\u00f3n de <strong>CREATIVAS GALEGAS<\/strong>.<\/li>\n<\/ol>\n<p>El USUARIO se compromete a respetar los derechos de propiedad intelectual e industrial de <strong>CREATIVAS GALEGAS<\/strong>. El USUARIO deber\u00e1 abstenerse de suprimir, alterar, eludir o manipular cualquier dispositivo de protecci\u00f3n o sistema de seguridad instalado en el sitio web.<\/p>\n<p>&nbsp;<\/p>\n<ol start=\"7\">\n<li><strong>EXCLUSI\u00d3N DE GARANT\u00cdAS Y RESPONSABILIDAD:<\/strong><strong>CREATIVAS GALEGAS<\/strong> no se hace responsable, en ning\u00fan caso, de los da\u00f1os y perjuicios de cualquier naturaleza que pudieran ocasionarse, a t\u00edtulo enunciativo: errores u omisiones en los contenidos, falta de disponibilidad del sitio web o la transmisi\u00f3n de virus o programas maliciosos o lesivos en los contenidos, a pesar de haber adoptado todas las medidas tecnol\u00f3gicas necesarias para evitarlo.<\/li>\n<\/ol>\n<p>&nbsp;<\/p>\n<p>Deficiencias en el servicio, redes de comunicaci\u00f3n, problemas derivados del mal funcionamiento o uso de versiones no optimizadas de cualquier navegador, posibles errores de seguridad que puedan producirse o posibles da\u00f1os que puedan sufrir el sistema inform\u00e1tico del USUARIO, los ficheros o documentos almacenados en el mismo, como consecuencia de la presencia de virus en el ordenador del USUARIO utilizado para conectarse a los servicios y contenidos del sitio web, fallos telef\u00f3nicos, interferencias, omisiones o desconexiones en el funcionamiento del sistema electr\u00f3nico por causas ajenas a <strong>CREATIVAS GALEGAS<\/strong>; conocimiento que terceros no autorizados puedan tener del tipo, condiciones, caracter\u00edsticas y circunstancias de acceso y uso que los USUARIOS hacen del sitio web y de la informaci\u00f3n y los servicios. Uso il\u00edcito, negligente y fraudulento, contrario a las presentes Condiciones Generales, a la buena fe, a los usos generalmente aceptados o al orden p\u00fablico, del sitio web, sus servicios o contenidos, por parte de los USUARIOS.<\/p>\n<p>&nbsp;<br \/>\n&nbsp;<\/p>\n<ol start=\"8\">\n<li><strong>MODIFICACIONES:<\/strong><strong>CREATIVAS GALEGAS<\/strong> se reserva el derecho a realizar sin previo aviso las modificaciones que considere oportunas en el sitio web, pudiendo cambiar, suprimir o a\u00f1adir los contenidos y servicios que se presten a trav\u00e9s del mismo, as\u00ed como la forma en la que estos aparezcan presentados o localizados en su portal.<\/li>\n<\/ol>\n<p>&nbsp;<\/p>\n<ol start=\"9\">\n<li><strong>ENLACES:<\/strong> En el caso de que se incluyan enlaces o links a <a href=\"http:\/\/www.creativasgalegas.com\/\">www.creativasgalegas.gal<\/a> con otros sitios de Internet, <strong>CREATIVAS GALEGAS<\/strong> no ejercer\u00e1 ning\u00fan tipo de control sobre dichos sitios y contenidos. En ning\u00fan caso <strong>CREATIVAS GALEGAS<\/strong> asumir\u00e1 responsabilidad por los contenidos de alg\u00fan enlace perteneciente a un sitio web ajeno, ni garantizar\u00e1 la disponibilidad t\u00e9cnica, calidad, fiabilidad, exactitud, amplitud, veracidad, validez y constitucionalidad de cualquier material o informaci\u00f3n contenida en ninguno de dichos hiperv\u00ednculos u otros sitios de Internet. Asimismo, la inclusi\u00f3n de estos enlaces externos no implicar\u00e1 ning\u00fan tipo de asociaci\u00f3n, fusi\u00f3n o participaci\u00f3n con las entidades conectadas.<\/li>\n<\/ol>\n<p><strong>\u00a0<\/strong><\/p>\n<ol start=\"10\">\n<li><strong>DERECHO DE EXCLUSI\u00d3N:<\/strong><strong>CREATIVAS GALEGAS<\/strong> se reserva el derecho a bloquear el acceso de cualquier USUARIO ante cualquier indicio de uso fraudulento de los servicios ofrecidos sin previo aviso, por cuenta propia o de un tercero, a aquellos usuarios que incumplan estas Condiciones Generales de Uso.<\/li>\n<\/ol>\n<p><strong>\u00a0<\/strong><\/p>\n<ol start=\"11\">\n<li><strong>GENERALIDADES:<\/strong><strong>CREATIVAS GALEGAS<\/strong> perseguir\u00e1 el incumplimiento de las presentes condiciones, as\u00ed como cualquier utilizaci\u00f3n indebida de su portal ejerciendo todas las acciones civiles y penales que le puedan corresponder en derecho.<\/li>\n<\/ol>\n<p>&nbsp;<\/p>\n<ol start=\"12\">\n<li><strong>MODIFICACI\u00d3N DE LAS PRESENTES CONDICIONES Y DURACI\u00d3N:<\/strong><strong>CREATIVAS GALEGAS<\/strong> podr\u00e1 modificar en cualquier momento las condiciones aqu\u00ed determinadas, siendo debidamente publicadas como aqu\u00ed aparecen. La vigencia de las citadas condiciones ir\u00e1 en funci\u00f3n de su exposici\u00f3n y estar\u00e1n vigentes hasta su modificaci\u00f3n por otras debidamente publicadas.<\/li>\n<\/ol>\n<p>&nbsp;<\/p>\n<ol start=\"13\">\n<li><strong>LEGISLACI\u00d3N APLICABLE Y JURISDICCI\u00d3N:<\/strong> La relaci\u00f3n entre <strong>CREATIVAS GALEGAS<\/strong> y el USUARIO se regir\u00e1 por la legislaci\u00f3n espa\u00f1ola vigente y cualquier controversia se someter\u00e1 a los Juzgados y Tribunales de Santiago de Compostela.<\/li>\n<\/ol>\n<\/li>\n<\/ol>\n<\/div>\n\n","protected":false},"excerpt":{"rendered":"","protected":false},"author":1,"featured_media":0,"parent":0,"menu_order":0,"comment_status":"closed","ping_status":"closed","template":"","meta":{"inline_featured_image":false,"footnotes":""},"personalizaciones":[],"class_list":["post-22532","page","type-page","status-publish"],"acf":[],"yoast_head":"<!-- This site is optimized with the Yoast SEO plugin v22.1 - https:\/\/yoast.com\/wordpress\/plugins\/seo\/ -->\n<title>Aviso legal - Creativas Galegas<\/title>\n<meta name=\"robots\" content=\"noindex, nofollow\" \/>\n<meta property=\"og:locale\" content=\"es_ES\" \/>\n<meta property=\"og:type\" content=\"article\" \/>\n<meta property=\"og:title\" content=\"Aviso legal - Creativas Galegas\" \/>\n<meta property=\"og:url\" content=\"https:\/\/creativasgalegas.gal\/es\/aviso-legal\/\" \/>\n<meta property=\"og:site_name\" content=\"Creativas Galegas\" \/>\n<meta property=\"article:modified_time\" content=\"2025-10-27T09:47:50+00:00\" \/>\n<meta name=\"twitter:card\" content=\"summary_large_image\" \/>\n<meta name=\"twitter:label1\" content=\"Tiempo de lectura\" \/>\n\t<meta name=\"twitter:data1\" content=\"1 minuto\" \/>\n<script type=\"application\/ld+json\" class=\"yoast-schema-graph\">{\"@context\":\"https:\/\/schema.org\",\"@graph\":[{\"@type\":\"WebPage\",\"@id\":\"https:\/\/creativasgalegas.gal\/es\/aviso-legal\/\",\"url\":\"https:\/\/creativasgalegas.gal\/es\/aviso-legal\/\",\"name\":\"Aviso legal - Creativas Galegas\",\"isPartOf\":{\"@id\":\"https:\/\/creativasgalegas.gal\/es\/#website\"},\"datePublished\":\"2023-03-28T04:13:50+00:00\",\"dateModified\":\"2025-10-27T09:47:50+00:00\",\"breadcrumb\":{\"@id\":\"https:\/\/creativasgalegas.gal\/es\/aviso-legal\/#breadcrumb\"},\"inLanguage\":\"es\",\"potentialAction\":[{\"@type\":\"ReadAction\",\"target\":[\"https:\/\/creativasgalegas.gal\/es\/aviso-legal\/\"]}]},{\"@type\":\"BreadcrumbList\",\"@id\":\"https:\/\/creativasgalegas.gal\/es\/aviso-legal\/#breadcrumb\",\"itemListElement\":[{\"@type\":\"ListItem\",\"position\":1,\"name\":\"Portada\",\"item\":\"https:\/\/creativasgalegas.gal\/es\/\"},{\"@type\":\"ListItem\",\"position\":2,\"name\":\"Aviso legal\"}]},{\"@type\":\"WebSite\",\"@id\":\"https:\/\/creativasgalegas.gal\/es\/#website\",\"url\":\"https:\/\/creativasgalegas.gal\/es\/\",\"name\":\"Creativas Galegas\",\"description\":\"Asociaci\u00f3n de creativas e artes\u00e1ns | Mercado da creatividade\",\"publisher\":{\"@id\":\"https:\/\/creativasgalegas.gal\/es\/#organization\"},\"potentialAction\":[{\"@type\":\"SearchAction\",\"target\":{\"@type\":\"EntryPoint\",\"urlTemplate\":\"https:\/\/creativasgalegas.gal\/es\/?s={search_term_string}\"},\"query-input\":\"required name=search_term_string\"}],\"inLanguage\":\"es\"},{\"@type\":\"Organization\",\"@id\":\"https:\/\/creativasgalegas.gal\/es\/#organization\",\"name\":\"Creativas Galegas\",\"url\":\"https:\/\/creativasgalegas.gal\/es\/\",\"logo\":{\"@type\":\"ImageObject\",\"inLanguage\":\"es\",\"@id\":\"https:\/\/creativasgalegas.gal\/es\/#\/schema\/logo\/image\/\",\"url\":\"https:\/\/creativasgalegas.gal\/wp-content\/uploads\/2023\/12\/Creativas_Galegas_Logotipo_hor_esl_Positivo.svg\",\"contentUrl\":\"https:\/\/creativasgalegas.gal\/wp-content\/uploads\/2023\/12\/Creativas_Galegas_Logotipo_hor_esl_Positivo.svg\",\"caption\":\"Creativas Galegas\"},\"image\":{\"@id\":\"https:\/\/creativasgalegas.gal\/es\/#\/schema\/logo\/image\/\"}}]}<\/script>\n<!-- \/ Yoast SEO plugin. -->","yoast_head_json":{"title":"Aviso legal - Creativas Galegas","robots":{"index":"noindex","follow":"nofollow"},"og_locale":"es_ES","og_type":"article","og_title":"Aviso legal - Creativas Galegas","og_url":"https:\/\/creativasgalegas.gal\/es\/aviso-legal\/","og_site_name":"Creativas Galegas","article_modified_time":"2025-10-27T09:47:50+00:00","twitter_card":"summary_large_image","twitter_misc":{"Tiempo de lectura":"1 minuto"},"schema":{"@context":"https:\/\/schema.org","@graph":[{"@type":"WebPage","@id":"https:\/\/creativasgalegas.gal\/es\/aviso-legal\/","url":"https:\/\/creativasgalegas.gal\/es\/aviso-legal\/","name":"Aviso legal - Creativas Galegas","isPartOf":{"@id":"https:\/\/creativasgalegas.gal\/es\/#website"},"datePublished":"2023-03-28T04:13:50+00:00","dateModified":"2025-10-27T09:47:50+00:00","breadcrumb":{"@id":"https:\/\/creativasgalegas.gal\/es\/aviso-legal\/#breadcrumb"},"inLanguage":"es","potentialAction":[{"@type":"ReadAction","target":["https:\/\/creativasgalegas.gal\/es\/aviso-legal\/"]}]},{"@type":"BreadcrumbList","@id":"https:\/\/creativasgalegas.gal\/es\/aviso-legal\/#breadcrumb","itemListElement":[{"@type":"ListItem","position":1,"name":"Portada","item":"https:\/\/creativasgalegas.gal\/es\/"},{"@type":"ListItem","position":2,"name":"Aviso legal"}]},{"@type":"WebSite","@id":"https:\/\/creativasgalegas.gal\/es\/#website","url":"https:\/\/creativasgalegas.gal\/es\/","name":"Creativas Galegas","description":"Asociaci\u00f3n de creativas e artes\u00e1ns | Mercado da creatividade","publisher":{"@id":"https:\/\/creativasgalegas.gal\/es\/#organization"},"potentialAction":[{"@type":"SearchAction","target":{"@type":"EntryPoint","urlTemplate":"https:\/\/creativasgalegas.gal\/es\/?s={search_term_string}"},"query-input":"required name=search_term_string"}],"inLanguage":"es"},{"@type":"Organization","@id":"https:\/\/creativasgalegas.gal\/es\/#organization","name":"Creativas Galegas","url":"https:\/\/creativasgalegas.gal\/es\/","logo":{"@type":"ImageObject","inLanguage":"es","@id":"https:\/\/creativasgalegas.gal\/es\/#\/schema\/logo\/image\/","url":"https:\/\/creativasgalegas.gal\/wp-content\/uploads\/2023\/12\/Creativas_Galegas_Logotipo_hor_esl_Positivo.svg","contentUrl":"https:\/\/creativasgalegas.gal\/wp-content\/uploads\/2023\/12\/Creativas_Galegas_Logotipo_hor_esl_Positivo.svg","caption":"Creativas Galegas"},"image":{"@id":"https:\/\/creativasgalegas.gal\/es\/#\/schema\/logo\/image\/"}}]}},"_links":{"self":[{"href":"https:\/\/creativasgalegas.gal\/es\/wp-json\/wp\/v2\/pages\/22532","targetHints":{"allow":["GET"]}}],"collection":[{"href":"https:\/\/creativasgalegas.gal\/es\/wp-json\/wp\/v2\/pages"}],"about":[{"href":"https:\/\/creativasgalegas.gal\/es\/wp-json\/wp\/v2\/types\/page"}],"author":[{"embeddable":true,"href":"https:\/\/creativasgalegas.gal\/es\/wp-json\/wp\/v2\/users\/1"}],"replies":[{"embeddable":true,"href":"https:\/\/creativasgalegas.gal\/es\/wp-json\/wp\/v2\/comments?post=22532"}],"version-history":[{"count":1,"href":"https:\/\/creativasgalegas.gal\/es\/wp-json\/wp\/v2\/pages\/22532\/revisions"}],"predecessor-version":[{"id":22533,"href":"https:\/\/creativasgalegas.gal\/es\/wp-json\/wp\/v2\/pages\/22532\/revisions\/22533"}],"wp:attachment":[{"href":"https:\/\/creativasgalegas.gal\/es\/wp-json\/wp\/v2\/media?parent=22532"}],"wp:term":[{"taxonomy":"personalizaciones","embeddable":true,"href":"https:\/\/creativasgalegas.gal\/es\/wp-json\/wp\/v2\/personalizaciones?post=22532"}],"curies":[{"name":"wp","href":"https:\/\/api.w.org\/{rel}","templated":true}]}}