{"id":22527,"date":"2024-01-13T06:30:32","date_gmt":"2024-01-13T05:30:32","guid":{"rendered":"https:\/\/creativasgalegas.gal\/blog\/"},"modified":"2025-10-07T12:19:21","modified_gmt":"2025-10-07T10:19:21","slug":"blog","status":"publish","type":"page","link":"https:\/\/creativasgalegas.gal\/es\/blog\/","title":{"rendered":"Blog"},"content":{"rendered":"<div class=\"gb-container gb-container-c3499bd0\">\n<div class=\"gb-container gb-container-7998d945\">\n\n<h1 class=\"gb-headline gb-headline-45e3cca2 gb-headline-text\">Blog<\/h1>\n\n\n\n<div class=\"gb-grid-wrapper gb-grid-wrapper-d422ad07 gb-query-loop-wrapper\">\n<div class=\"gb-grid-column gb-grid-column-a66ca7b8 gb-query-loop-item post-22649 post type-post status-publish format-standard has-post-thumbnail hentry category-sin-categoria\"><div class=\"gb-container gb-container-a66ca7b8\">\n<figure class=\"gb-block-image gb-block-image-b5d1d9d8\"><a href=\"https:\/\/creativasgalegas.gal\/es\/galicia-fuente-de-inspiracion-para-nuestro-trabajo\/\"><img loading=\"lazy\" decoding=\"async\" width=\"600\" height=\"600\" src=\"https:\/\/creativasgalegas.gal\/wp-content\/uploads\/2023\/04\/Cartel_Axenda.jpg-11.png\" class=\"gb-image-b5d1d9d8\" alt=\"\" srcset=\"https:\/\/creativasgalegas.gal\/wp-content\/uploads\/2023\/04\/Cartel_Axenda.jpg-11.png 600w, https:\/\/creativasgalegas.gal\/wp-content\/uploads\/2023\/04\/Cartel_Axenda.jpg-11-300x300.png 300w, https:\/\/creativasgalegas.gal\/wp-content\/uploads\/2023\/04\/Cartel_Axenda.jpg-11-150x150.png 150w, https:\/\/creativasgalegas.gal\/wp-content\/uploads\/2023\/04\/Cartel_Axenda.jpg-11-100x100.png 100w\" sizes=\"auto, (max-width: 600px) 100vw, 600px\" \/><\/a><\/figure>\n\n<div class=\"gb-container gb-container-fc1bccb8\">\n<figure class=\"gb-block-image gb-block-image-4d891f5a\"><img alt='' src='https:\/\/secure.gravatar.com\/avatar\/63b5c6c692dc33ef362d3098bbdab8b6fdc78d04a048e4658ed35f2cfb9f1a19?s=36&#038;d=mm&#038;r=g' srcset='https:\/\/secure.gravatar.com\/avatar\/63b5c6c692dc33ef362d3098bbdab8b6fdc78d04a048e4658ed35f2cfb9f1a19?s=72&#038;d=mm&#038;r=g 2x' class='avatar avatar-36 photo gb-image-4d891f5a' height='36' width='36' \/><\/figure>\n<\/div>\n\n<div class=\"gb-container gb-container-52fab1e7\">\n<h2 class=\"gb-headline gb-headline-6862e514 gb-headline-text\"><a href=\"https:\/\/creativasgalegas.gal\/es\/galicia-fuente-de-inspiracion-para-nuestro-trabajo\/\">Galicia, fuente de inspiraci\u00f3n para nuestro trabajo<\/a><\/h2>\n\n<div class=\"gb-headline gb-headline-fccf7ffc gb-headline-text\"><time class=\"entry-date published\" datetime=\"2023-04-17T18:48:06+02:00\">abril 17, 2023<\/time><\/div>\n\n<p class=\"gb-headline gb-headline-028a8e76 gb-headline-text\">Como marcas gallegas que somos, Galicia siempre est\u00e1 presente en nuestro trabajo. En lo que &#8230;<\/p>\n<\/div>\n<\/div><\/div>\n\n<div class=\"gb-grid-column gb-grid-column-a66ca7b8 gb-query-loop-item post-22653 post type-post status-publish format-standard has-post-thumbnail hentry category-sin-categoria\"><div class=\"gb-container gb-container-a66ca7b8\">\n<figure class=\"gb-block-image gb-block-image-b5d1d9d8\"><a href=\"https:\/\/creativasgalegas.gal\/es\/conociendo-a-belategui-regueiro\/\"><img loading=\"lazy\" decoding=\"async\" width=\"600\" height=\"600\" src=\"https:\/\/creativasgalegas.gal\/wp-content\/uploads\/2023\/04\/Cartel_Axenda.jpg-10.png\" class=\"gb-image-b5d1d9d8\" alt=\"\" srcset=\"https:\/\/creativasgalegas.gal\/wp-content\/uploads\/2023\/04\/Cartel_Axenda.jpg-10.png 600w, https:\/\/creativasgalegas.gal\/wp-content\/uploads\/2023\/04\/Cartel_Axenda.jpg-10-300x300.png 300w, https:\/\/creativasgalegas.gal\/wp-content\/uploads\/2023\/04\/Cartel_Axenda.jpg-10-150x150.png 150w, https:\/\/creativasgalegas.gal\/wp-content\/uploads\/2023\/04\/Cartel_Axenda.jpg-10-100x100.png 100w\" sizes=\"auto, (max-width: 600px) 100vw, 600px\" \/><\/a><\/figure>\n\n<div class=\"gb-container gb-container-fc1bccb8\">\n<figure class=\"gb-block-image gb-block-image-4d891f5a\"><img alt='' src='https:\/\/secure.gravatar.com\/avatar\/63b5c6c692dc33ef362d3098bbdab8b6fdc78d04a048e4658ed35f2cfb9f1a19?s=36&#038;d=mm&#038;r=g' srcset='https:\/\/secure.gravatar.com\/avatar\/63b5c6c692dc33ef362d3098bbdab8b6fdc78d04a048e4658ed35f2cfb9f1a19?s=72&#038;d=mm&#038;r=g 2x' class='avatar avatar-36 photo gb-image-4d891f5a' height='36' width='36' \/><\/figure>\n<\/div>\n\n<div class=\"gb-container gb-container-52fab1e7\">\n<h2 class=\"gb-headline gb-headline-6862e514 gb-headline-text\"><a href=\"https:\/\/creativasgalegas.gal\/es\/conociendo-a-belategui-regueiro\/\">Conociendo a Belategui Regueiro<\/a><\/h2>\n\n<div class=\"gb-headline gb-headline-fccf7ffc gb-headline-text\"><time class=\"entry-date published\" datetime=\"2023-04-17T18:43:38+02:00\">abril 17, 2023<\/time><\/div>\n\n<p class=\"gb-headline gb-headline-028a8e76 gb-headline-text\">Lu\u00edsa y \u00d3scar. En la Reserva de la Biosfera Mari\u00f1as Coru\u00f1esas y Terras do Mandeo, &#8230;<\/p>\n<\/div>\n<\/div><\/div>\n\n<div class=\"gb-grid-column gb-grid-column-a66ca7b8 gb-query-loop-item post-22657 post type-post status-publish format-standard has-post-thumbnail hentry category-sin-categoria\"><div class=\"gb-container gb-container-a66ca7b8\">\n<figure class=\"gb-block-image gb-block-image-b5d1d9d8\"><a href=\"https:\/\/creativasgalegas.gal\/es\/conociendo-a-soledad-mato\/\"><img loading=\"lazy\" decoding=\"async\" width=\"600\" height=\"600\" src=\"https:\/\/creativasgalegas.gal\/wp-content\/uploads\/2023\/04\/Cartel_Axenda.jpg-9.png\" class=\"gb-image-b5d1d9d8\" alt=\"\" srcset=\"https:\/\/creativasgalegas.gal\/wp-content\/uploads\/2023\/04\/Cartel_Axenda.jpg-9.png 600w, https:\/\/creativasgalegas.gal\/wp-content\/uploads\/2023\/04\/Cartel_Axenda.jpg-9-300x300.png 300w, https:\/\/creativasgalegas.gal\/wp-content\/uploads\/2023\/04\/Cartel_Axenda.jpg-9-150x150.png 150w, https:\/\/creativasgalegas.gal\/wp-content\/uploads\/2023\/04\/Cartel_Axenda.jpg-9-100x100.png 100w\" sizes=\"auto, (max-width: 600px) 100vw, 600px\" \/><\/a><\/figure>\n\n<div class=\"gb-container gb-container-fc1bccb8\">\n<figure class=\"gb-block-image gb-block-image-4d891f5a\"><img alt='' src='https:\/\/secure.gravatar.com\/avatar\/63b5c6c692dc33ef362d3098bbdab8b6fdc78d04a048e4658ed35f2cfb9f1a19?s=36&#038;d=mm&#038;r=g' srcset='https:\/\/secure.gravatar.com\/avatar\/63b5c6c692dc33ef362d3098bbdab8b6fdc78d04a048e4658ed35f2cfb9f1a19?s=72&#038;d=mm&#038;r=g 2x' class='avatar avatar-36 photo gb-image-4d891f5a' height='36' width='36' \/><\/figure>\n<\/div>\n\n<div class=\"gb-container gb-container-52fab1e7\">\n<h2 class=\"gb-headline gb-headline-6862e514 gb-headline-text\"><a href=\"https:\/\/creativasgalegas.gal\/es\/conociendo-a-soledad-mato\/\">Conociendo a Soledad Mato<\/a><\/h2>\n\n<div class=\"gb-headline gb-headline-fccf7ffc gb-headline-text\"><time class=\"entry-date published\" datetime=\"2023-04-17T18:30:06+02:00\">abril 17, 2023<\/time><\/div>\n\n<p class=\"gb-headline gb-headline-028a8e76 gb-headline-text\">Soledad Mato Se define a s\u00ed misma como joyera de profesi\u00f3n y artesana de vocaci\u00f3n. &#8230;<\/p>\n<\/div>\n<\/div><\/div>\n\n<div class=\"gb-grid-column gb-grid-column-a66ca7b8 gb-query-loop-item post-22661 post type-post status-publish format-standard has-post-thumbnail hentry category-sin-categoria\"><div class=\"gb-container gb-container-a66ca7b8\">\n<figure class=\"gb-block-image gb-block-image-b5d1d9d8\"><a href=\"https:\/\/creativasgalegas.gal\/es\/conociendo-a-quenindiola\/\"><img loading=\"lazy\" decoding=\"async\" width=\"600\" height=\"600\" src=\"https:\/\/creativasgalegas.gal\/wp-content\/uploads\/2023\/04\/Cartel_Axenda.jpg-8.png\" class=\"gb-image-b5d1d9d8\" alt=\"\" srcset=\"https:\/\/creativasgalegas.gal\/wp-content\/uploads\/2023\/04\/Cartel_Axenda.jpg-8.png 600w, https:\/\/creativasgalegas.gal\/wp-content\/uploads\/2023\/04\/Cartel_Axenda.jpg-8-300x300.png 300w, https:\/\/creativasgalegas.gal\/wp-content\/uploads\/2023\/04\/Cartel_Axenda.jpg-8-150x150.png 150w, https:\/\/creativasgalegas.gal\/wp-content\/uploads\/2023\/04\/Cartel_Axenda.jpg-8-100x100.png 100w\" sizes=\"auto, (max-width: 600px) 100vw, 600px\" \/><\/a><\/figure>\n\n<div class=\"gb-container gb-container-fc1bccb8\">\n<figure class=\"gb-block-image gb-block-image-4d891f5a\"><img alt='' src='https:\/\/secure.gravatar.com\/avatar\/63b5c6c692dc33ef362d3098bbdab8b6fdc78d04a048e4658ed35f2cfb9f1a19?s=36&#038;d=mm&#038;r=g' srcset='https:\/\/secure.gravatar.com\/avatar\/63b5c6c692dc33ef362d3098bbdab8b6fdc78d04a048e4658ed35f2cfb9f1a19?s=72&#038;d=mm&#038;r=g 2x' class='avatar avatar-36 photo gb-image-4d891f5a' height='36' width='36' \/><\/figure>\n<\/div>\n\n<div class=\"gb-container gb-container-52fab1e7\">\n<h2 class=\"gb-headline gb-headline-6862e514 gb-headline-text\"><a href=\"https:\/\/creativasgalegas.gal\/es\/conociendo-a-quenindiola\/\">Conociendo a Quenindiola<\/a><\/h2>\n\n<div class=\"gb-headline gb-headline-fccf7ffc gb-headline-text\"><time class=\"entry-date published\" datetime=\"2023-04-17T18:09:28+02:00\">abril 17, 2023<\/time><\/div>\n\n<p class=\"gb-headline gb-headline-028a8e76 gb-headline-text\">Marcos Garc\u00eda Arte y artesan\u00eda inspirada en Galicia. Marcos, Yago e Isabel, son los creadores &#8230;<\/p>\n<\/div>\n<\/div><\/div>\n<\/div>\n\n<div class=\"gb-container gb-container-922ba818 gb-query-loop-pagination\">\n\n\n\n\n\n<\/div>\n\n<\/div>\n<\/div>","protected":false},"excerpt":{"rendered":"<p>Blog<\/p>\n","protected":false},"author":1,"featured_media":0,"parent":0,"menu_order":0,"comment_status":"closed","ping_status":"closed","template":"","meta":{"inline_featured_image":false,"footnotes":""},"personalizaciones":[],"class_list":["post-22527","page","type-page","status-publish"],"acf":[],"yoast_head":"<!-- This site is optimized with the Yoast SEO plugin v22.1 - https:\/\/yoast.com\/wordpress\/plugins\/seo\/ -->\n<title>Blog - Creativas Galegas<\/title>\n<meta name=\"robots\" content=\"index, follow, max-snippet:-1, max-image-preview:large, max-video-preview:-1\" \/>\n<link rel=\"canonical\" href=\"https:\/\/creativasgalegas.gal\/es\/blog\/\" \/>\n<meta property=\"og:locale\" content=\"es_ES\" \/>\n<meta property=\"og:type\" content=\"article\" \/>\n<meta property=\"og:title\" content=\"Blog - Creativas Galegas\" \/>\n<meta property=\"og:description\" content=\"Blog\" \/>\n<meta property=\"og:url\" content=\"https:\/\/creativasgalegas.gal\/es\/blog\/\" \/>\n<meta property=\"og:site_name\" content=\"Creativas Galegas\" \/>\n<meta property=\"article:modified_time\" content=\"2025-10-07T10:19:21+00:00\" \/>\n<meta name=\"twitter:card\" content=\"summary_large_image\" \/>\n<script type=\"application\/ld+json\" class=\"yoast-schema-graph\">{\"@context\":\"https:\/\/schema.org\",\"@graph\":[{\"@type\":\"WebPage\",\"@id\":\"https:\/\/creativasgalegas.gal\/es\/blog\/\",\"url\":\"https:\/\/creativasgalegas.gal\/es\/blog\/\",\"name\":\"Blog - Creativas Galegas\",\"isPartOf\":{\"@id\":\"https:\/\/creativasgalegas.gal\/es\/#website\"},\"datePublished\":\"2024-01-13T05:30:32+00:00\",\"dateModified\":\"2025-10-07T10:19:21+00:00\",\"breadcrumb\":{\"@id\":\"https:\/\/creativasgalegas.gal\/es\/blog\/#breadcrumb\"},\"inLanguage\":\"es\",\"potentialAction\":[{\"@type\":\"ReadAction\",\"target\":[\"https:\/\/creativasgalegas.gal\/es\/blog\/\"]}]},{\"@type\":\"BreadcrumbList\",\"@id\":\"https:\/\/creativasgalegas.gal\/es\/blog\/#breadcrumb\",\"itemListElement\":[{\"@type\":\"ListItem\",\"position\":1,\"name\":\"Portada\",\"item\":\"https:\/\/creativasgalegas.gal\/es\/\"},{\"@type\":\"ListItem\",\"position\":2,\"name\":\"Blog\"}]},{\"@type\":\"WebSite\",\"@id\":\"https:\/\/creativasgalegas.gal\/es\/#website\",\"url\":\"https:\/\/creativasgalegas.gal\/es\/\",\"name\":\"Creativas Galegas\",\"description\":\"Asociaci\u00f3n de creativas e artes\u00e1ns | Mercado da creatividade\",\"publisher\":{\"@id\":\"https:\/\/creativasgalegas.gal\/es\/#organization\"},\"potentialAction\":[{\"@type\":\"SearchAction\",\"target\":{\"@type\":\"EntryPoint\",\"urlTemplate\":\"https:\/\/creativasgalegas.gal\/es\/?s={search_term_string}\"},\"query-input\":\"required name=search_term_string\"}],\"inLanguage\":\"es\"},{\"@type\":\"Organization\",\"@id\":\"https:\/\/creativasgalegas.gal\/es\/#organization\",\"name\":\"Creativas Galegas\",\"url\":\"https:\/\/creativasgalegas.gal\/es\/\",\"logo\":{\"@type\":\"ImageObject\",\"inLanguage\":\"es\",\"@id\":\"https:\/\/creativasgalegas.gal\/es\/#\/schema\/logo\/image\/\",\"url\":\"https:\/\/creativasgalegas.gal\/wp-content\/uploads\/2023\/12\/Creativas_Galegas_Logotipo_hor_esl_Positivo.svg\",\"contentUrl\":\"https:\/\/creativasgalegas.gal\/wp-content\/uploads\/2023\/12\/Creativas_Galegas_Logotipo_hor_esl_Positivo.svg\",\"caption\":\"Creativas Galegas\"},\"image\":{\"@id\":\"https:\/\/creativasgalegas.gal\/es\/#\/schema\/logo\/image\/\"}}]}<\/script>\n<!-- \/ Yoast SEO plugin. -->","yoast_head_json":{"title":"Blog - Creativas Galegas","robots":{"index":"index","follow":"follow","max-snippet":"max-snippet:-1","max-image-preview":"max-image-preview:large","max-video-preview":"max-video-preview:-1"},"canonical":"https:\/\/creativasgalegas.gal\/es\/blog\/","og_locale":"es_ES","og_type":"article","og_title":"Blog - Creativas Galegas","og_description":"Blog","og_url":"https:\/\/creativasgalegas.gal\/es\/blog\/","og_site_name":"Creativas Galegas","article_modified_time":"2025-10-07T10:19:21+00:00","twitter_card":"summary_large_image","schema":{"@context":"https:\/\/schema.org","@graph":[{"@type":"WebPage","@id":"https:\/\/creativasgalegas.gal\/es\/blog\/","url":"https:\/\/creativasgalegas.gal\/es\/blog\/","name":"Blog - Creativas Galegas","isPartOf":{"@id":"https:\/\/creativasgalegas.gal\/es\/#website"},"datePublished":"2024-01-13T05:30:32+00:00","dateModified":"2025-10-07T10:19:21+00:00","breadcrumb":{"@id":"https:\/\/creativasgalegas.gal\/es\/blog\/#breadcrumb"},"inLanguage":"es","potentialAction":[{"@type":"ReadAction","target":["https:\/\/creativasgalegas.gal\/es\/blog\/"]}]},{"@type":"BreadcrumbList","@id":"https:\/\/creativasgalegas.gal\/es\/blog\/#breadcrumb","itemListElement":[{"@type":"ListItem","position":1,"name":"Portada","item":"https:\/\/creativasgalegas.gal\/es\/"},{"@type":"ListItem","position":2,"name":"Blog"}]},{"@type":"WebSite","@id":"https:\/\/creativasgalegas.gal\/es\/#website","url":"https:\/\/creativasgalegas.gal\/es\/","name":"Creativas Galegas","description":"Asociaci\u00f3n de creativas e artes\u00e1ns | Mercado da creatividade","publisher":{"@id":"https:\/\/creativasgalegas.gal\/es\/#organization"},"potentialAction":[{"@type":"SearchAction","target":{"@type":"EntryPoint","urlTemplate":"https:\/\/creativasgalegas.gal\/es\/?s={search_term_string}"},"query-input":"required name=search_term_string"}],"inLanguage":"es"},{"@type":"Organization","@id":"https:\/\/creativasgalegas.gal\/es\/#organization","name":"Creativas Galegas","url":"https:\/\/creativasgalegas.gal\/es\/","logo":{"@type":"ImageObject","inLanguage":"es","@id":"https:\/\/creativasgalegas.gal\/es\/#\/schema\/logo\/image\/","url":"https:\/\/creativasgalegas.gal\/wp-content\/uploads\/2023\/12\/Creativas_Galegas_Logotipo_hor_esl_Positivo.svg","contentUrl":"https:\/\/creativasgalegas.gal\/wp-content\/uploads\/2023\/12\/Creativas_Galegas_Logotipo_hor_esl_Positivo.svg","caption":"Creativas Galegas"},"image":{"@id":"https:\/\/creativasgalegas.gal\/es\/#\/schema\/logo\/image\/"}}]}},"_links":{"self":[{"href":"https:\/\/creativasgalegas.gal\/es\/wp-json\/wp\/v2\/pages\/22527","targetHints":{"allow":["GET"]}}],"collection":[{"href":"https:\/\/creativasgalegas.gal\/es\/wp-json\/wp\/v2\/pages"}],"about":[{"href":"https:\/\/creativasgalegas.gal\/es\/wp-json\/wp\/v2\/types\/page"}],"author":[{"embeddable":true,"href":"https:\/\/creativasgalegas.gal\/es\/wp-json\/wp\/v2\/users\/1"}],"replies":[{"embeddable":true,"href":"https:\/\/creativasgalegas.gal\/es\/wp-json\/wp\/v2\/comments?post=22527"}],"version-history":[{"count":1,"href":"https:\/\/creativasgalegas.gal\/es\/wp-json\/wp\/v2\/pages\/22527\/revisions"}],"predecessor-version":[{"id":22529,"href":"https:\/\/creativasgalegas.gal\/es\/wp-json\/wp\/v2\/pages\/22527\/revisions\/22529"}],"wp:attachment":[{"href":"https:\/\/creativasgalegas.gal\/es\/wp-json\/wp\/v2\/media?parent=22527"}],"wp:term":[{"taxonomy":"personalizaciones","embeddable":true,"href":"https:\/\/creativasgalegas.gal\/es\/wp-json\/wp\/v2\/personalizaciones?post=22527"}],"curies":[{"name":"wp","href":"https:\/\/api.w.org\/{rel}","templated":true}]}}